{"id":4182,"date":"2022-02-14T15:16:05","date_gmt":"2022-02-14T20:16:05","guid":{"rendered":"https:\/\/www.pvtravels.com\/tour\/sem%20categoria\/centro-a-sudeste-lima-paracas-ica-arequipa-8-dias\/"},"modified":"2025-02-12T16:36:32","modified_gmt":"2025-02-12T21:36:32","slug":"centro-a-sudeste-lima-paracas-ica-arequipa-8-dias","status":"publish","type":"product","link":"https:\/\/www.pvtravels.com\/pt-pt\/tour\/por-todo-peru\/centro-a-sudeste-lima-paracas-ica-arequipa-8-dias\/","title":{"rendered":"Centro a Sudeste:. Lima &#8211; Paracas &#8211; Ica &#8211; Arequipa &#8211; 8 dias"},"content":{"rendered":"\t\t<div data-elementor-type=\"product-post\" data-elementor-id=\"4182\" class=\"elementor elementor-4182 elementor-4152\" data-elementor-post-type=\"product\">\n\t\t\t\t\t\t<section class=\"elementor-section elementor-top-section elementor-element elementor-element-54c5881 elementor-section-boxed elementor-section-height-default elementor-section-height-default\" data-id=\"54c5881\" data-element_type=\"section\" data-e-type=\"section\">\n\t\t\t\t\t\t<div class=\"elementor-container elementor-column-gap-default\">\n\t\t\t\t\t<div class=\"elementor-column elementor-col-100 elementor-top-column elementor-element elementor-element-39501221\" data-id=\"39501221\" data-element_type=\"column\" data-e-type=\"column\">\n\t\t\t<div class=\"elementor-widget-wrap elementor-element-populated\">\n\t\t\t\t\t\t<div class=\"elementor-element elementor-element-7ecb152a elementor-widget elementor-widget-heading\" data-id=\"7ecb152a\" data-element_type=\"widget\" data-e-type=\"widget\" data-widget_type=\"heading.default\">\n\t\t\t\t<div class=\"elementor-widget-container\">\n\t\t\t\t\t<h3 class=\"elementor-heading-title elementor-size-default\">Itinerario<\/h3>\t\t\t\t<\/div>\n\t\t\t\t<\/div>\n\t\t\t\t<div class=\"elementor-element elementor-element-62014664 elementor-widget elementor-widget-accordion\" data-id=\"62014664\" data-element_type=\"widget\" data-e-type=\"widget\" data-widget_type=\"accordion.default\">\n\t\t\t\t<div class=\"elementor-widget-container\">\n\t\t\t\t\t\t\t<div class=\"elementor-accordion\">\n\t\t\t\t\t\t\t<div class=\"elementor-accordion-item\">\n\t\t\t\t\t<div id=\"elementor-tab-title-1641\" class=\"elementor-tab-title\" data-tab=\"1\" role=\"button\" aria-controls=\"elementor-tab-content-1641\" aria-expanded=\"false\">\n\t\t\t\t\t\t\t\t\t\t\t\t\t<span class=\"elementor-accordion-icon elementor-accordion-icon-left\" aria-hidden=\"true\">\n\t\t\t\t\t\t\t\t\t\t\t\t\t\t\t<span class=\"elementor-accordion-icon-closed\"><i class=\"fas fa-plus\"><\/i><\/span>\n\t\t\t\t\t\t\t\t<span class=\"elementor-accordion-icon-opened\"><i class=\"fas fa-minus\"><\/i><\/span>\n\t\t\t\t\t\t\t\t\t\t\t\t\t\t<\/span>\n\t\t\t\t\t\t\t\t\t\t\t\t<a class=\"elementor-accordion-title\" tabindex=\"0\">Dia 1: Chegada em Lima<\/a>\n\t\t\t\t\t<\/div>\n\t\t\t\t\t<div id=\"elementor-tab-content-1641\" class=\"elementor-tab-content elementor-clearfix\" data-tab=\"1\" role=\"region\" aria-labelledby=\"elementor-tab-title-1641\"><p>\u00a0<\/p><p>Ao chegar ao aeroporto de Lima, estaremos esperando por voc\u00ea e juntos iremos para o hotel em Lima.<\/p><p><em>**<span style=\"text-decoration: underline;\"><strong>Nota:.<\/strong><\/span> Check in no hotel a partir das 11am<\/em><\/p><p>Noite no hotel em Lima<\/p><\/div>\n\t\t\t\t<\/div>\n\t\t\t\t\t\t\t<div class=\"elementor-accordion-item\">\n\t\t\t\t\t<div id=\"elementor-tab-title-1642\" class=\"elementor-tab-title\" data-tab=\"2\" role=\"button\" aria-controls=\"elementor-tab-content-1642\" aria-expanded=\"false\">\n\t\t\t\t\t\t\t\t\t\t\t\t\t<span class=\"elementor-accordion-icon elementor-accordion-icon-left\" aria-hidden=\"true\">\n\t\t\t\t\t\t\t\t\t\t\t\t\t\t\t<span class=\"elementor-accordion-icon-closed\"><i class=\"fas fa-plus\"><\/i><\/span>\n\t\t\t\t\t\t\t\t<span class=\"elementor-accordion-icon-opened\"><i class=\"fas fa-minus\"><\/i><\/span>\n\t\t\t\t\t\t\t\t\t\t\t\t\t\t<\/span>\n\t\t\t\t\t\t\t\t\t\t\t\t<a class=\"elementor-accordion-title\" tabindex=\"0\">Dia 2: Lima \u2013 Paracas<\/a>\n\t\t\t\t\t<\/div>\n\t\t\t\t\t<div id=\"elementor-tab-content-1642\" class=\"elementor-tab-content elementor-clearfix\" data-tab=\"2\" role=\"region\" aria-labelledby=\"elementor-tab-title-1642\"><p>Em hor\u00e1rio apropriado, traslado em carro particular para a rodovi\u00e1ria de Lima, iniciaremos nossa viagem ao sul do Peru, ao longo da costa at\u00e9 a cidade de Paracas. A viagem ser\u00e1 de aproximadamente 3 horas. Na chegada a Paracas, traslado ao alojamento.<\/p><p><span style=\"color: #008000;\"><strong><u>Tarde: <\/u>Reserva Nacional de Paracas<\/strong><\/span><\/p><p>Traslado do hotel em Paracas para iniciar nossa excurs\u00e3o ao impressionante Deserto Costeiro da Reserva Nacional de Paracas, visitaremos o Centro de Interpreta\u00e7\u00e3o da reserva, que oferece interessantes fotos e fotos mostrando toda a vida e fauna que existe nela. Tamb\u00e9m faremos um tour pela Pen\u00ednsula de Paracas, observando o colorido deserto amarelo avermelhado, forma\u00e7\u00f5es feitas pelos ventos e visitando, suas belas praias, como a praia de Yumaque, a praia Vermelha e a praia de Lagunillas, nesta praia voc\u00ea ter\u00e1 tempo livre para fazer caminhadas pela praia em busca de fotos, depois retornaremos a Paracas<\/p><p>Resto do dia livre para curtir a cidade e seus deliciosos pratos<\/p><p>Noite no hotel em Paracas<\/p><p>Refei\u00e7\u00f5es: caf\u00e9 da manh\u00e3<\/p><\/div>\n\t\t\t\t<\/div>\n\t\t\t\t\t\t\t<div class=\"elementor-accordion-item\">\n\t\t\t\t\t<div id=\"elementor-tab-title-1643\" class=\"elementor-tab-title\" data-tab=\"3\" role=\"button\" aria-controls=\"elementor-tab-content-1643\" aria-expanded=\"false\">\n\t\t\t\t\t\t\t\t\t\t\t\t\t<span class=\"elementor-accordion-icon elementor-accordion-icon-left\" aria-hidden=\"true\">\n\t\t\t\t\t\t\t\t\t\t\t\t\t\t\t<span class=\"elementor-accordion-icon-closed\"><i class=\"fas fa-plus\"><\/i><\/span>\n\t\t\t\t\t\t\t\t<span class=\"elementor-accordion-icon-opened\"><i class=\"fas fa-minus\"><\/i><\/span>\n\t\t\t\t\t\t\t\t\t\t\t\t\t\t<\/span>\n\t\t\t\t\t\t\t\t\t\t\t\t<a class=\"elementor-accordion-title\" tabindex=\"0\">Dia 3: Manh\u00e3:. Ilha Ballestas<\/a>\n\t\t\t\t\t<\/div>\n\t\t\t\t\t<div id=\"elementor-tab-content-1643\" class=\"elementor-tab-content elementor-clearfix\" data-tab=\"3\" role=\"region\" aria-labelledby=\"elementor-tab-title-1643\"><p>Por volta das 07h30, traslado do hotel ao porto de Paracas para nosso passeio. As Ilhas Ballestas est\u00e3o localizadas a cerca de 30 minutos da costa e s\u00e3o habitadas por uma incr\u00edvel variedade de esp\u00e9cies marinhas. Al\u00e9m dos p\u00e1ssaros, os visitantes poder\u00e3o apreciar centenas de le\u00f5es marinhos tomando sol nas praias adjacentes, ou nadando bem perto do nosso iate.<\/p><p><strong><u>Paracas &#8211; Nazca<\/u><\/strong><\/p><p>\u00c0 tarde, seremos transferidos para a rodovi\u00e1ria de Paracas, para iniciar nossa viagem at\u00e9 o sul at\u00e9 a cidade de Nazca. A viagem ser\u00e1 de cerca de 4 horas.<\/p><p>Na chegada, recep\u00e7\u00e3o na rodovi\u00e1ria e traslado ao nosso alojamento.<\/p><p>Resto do dia livre para passear pela cidade!<\/p><p>Noite no hotel em Nazca<\/p><p>Refei\u00e7\u00f5es: caf\u00e9 da manh\u00e3 no hotel<\/p><\/div>\n\t\t\t\t<\/div>\n\t\t\t\t\t\t\t<div class=\"elementor-accordion-item\">\n\t\t\t\t\t<div id=\"elementor-tab-title-1644\" class=\"elementor-tab-title\" data-tab=\"4\" role=\"button\" aria-controls=\"elementor-tab-content-1644\" aria-expanded=\"false\">\n\t\t\t\t\t\t\t\t\t\t\t\t\t<span class=\"elementor-accordion-icon elementor-accordion-icon-left\" aria-hidden=\"true\">\n\t\t\t\t\t\t\t\t\t\t\t\t\t\t\t<span class=\"elementor-accordion-icon-closed\"><i class=\"fas fa-plus\"><\/i><\/span>\n\t\t\t\t\t\t\t\t<span class=\"elementor-accordion-icon-opened\"><i class=\"fas fa-minus\"><\/i><\/span>\n\t\t\t\t\t\t\t\t\t\t\t\t\t\t<\/span>\n\t\t\t\t\t\t\t\t\t\t\t\t<a class=\"elementor-accordion-title\" tabindex=\"0\">Dia 4: Manh\u00e3:.  Sobrevoo linhas de Nazca<\/a>\n\t\t\t\t\t<\/div>\n\t\t\t\t\t<div id=\"elementor-tab-content-1644\" class=\"elementor-tab-content elementor-clearfix\" data-tab=\"4\" role=\"region\" aria-labelledby=\"elementor-tab-title-1644\"><p>\u00c0s 8h, ap\u00f3s o caf\u00e9 da manh\u00e3, pegaremos para ir ao aeroporto de Nazca para iniciar nosso passeio de aventura pelo c\u00e9u peruano para ver a mais maravilha da Am\u00e9rica do Sul \u2013 Linhas de Nazca \u2013 Uma vista deslumbrante do ar em um voo de 30 minutos sobre uma das maiores cria\u00e7\u00f5es do mundo antigo. Descobriremos os fascinantes geoglifos do deserto de Nazca declarado Patrim\u00f4nio da Humanidade pela Unesco.<\/p><p><span style=\"color: #008000;\"><strong><u>Nazca \u2013 Arequipa<\/u><\/strong><\/span><\/p><p>Pela manh\u00e3, traslado \u00e0 rodovi\u00e1ria para o nosso \u00f4nibus de Nazca a Arequipa. A viagem dura cerca de 11 horas e voc\u00ea ter\u00e1 servi\u00e7o a bordo.<\/p><\/div>\n\t\t\t\t<\/div>\n\t\t\t\t\t\t\t<div class=\"elementor-accordion-item\">\n\t\t\t\t\t<div id=\"elementor-tab-title-1645\" class=\"elementor-tab-title\" data-tab=\"5\" role=\"button\" aria-controls=\"elementor-tab-content-1645\" aria-expanded=\"false\">\n\t\t\t\t\t\t\t\t\t\t\t\t\t<span class=\"elementor-accordion-icon elementor-accordion-icon-left\" aria-hidden=\"true\">\n\t\t\t\t\t\t\t\t\t\t\t\t\t\t\t<span class=\"elementor-accordion-icon-closed\"><i class=\"fas fa-plus\"><\/i><\/span>\n\t\t\t\t\t\t\t\t<span class=\"elementor-accordion-icon-opened\"><i class=\"fas fa-minus\"><\/i><\/span>\n\t\t\t\t\t\t\t\t\t\t\t\t\t\t<\/span>\n\t\t\t\t\t\t\t\t\t\t\t\t<a class=\"elementor-accordion-title\" tabindex=\"0\">Dia 5: Chegada em Arequipa<\/a>\n\t\t\t\t\t<\/div>\n\t\t\t\t\t<div id=\"elementor-tab-content-1645\" class=\"elementor-tab-content elementor-clearfix\" data-tab=\"5\" role=\"region\" aria-labelledby=\"elementor-tab-title-1645\"><p>Pick up na rodovi\u00e1ria e traslado ao hotel em Arequipa.<\/p><p><span style=\"color: #008000;\"><strong><u>Tarde:. <\/u>Passeio pela cidade de Arequipa<\/strong><\/span><\/p><p>\u00c0 tarde, por volta das 13:30h iniciaremos nosso city tour em Arequipa, visitaremos o Mosteiro de Santa Catalina, depois visitaremos a Plaza de Armas, uma das mais belas do Peru, a Igreja Jesu\u00edta da Companhia, que em sua bela fachada anuncia a chamada arquitetura mesti\u00e7a, seus claustros e c\u00fapula, a casa Tristan del Pozo e ao final e para uma vista magn\u00edfica da cidade visitaremos os bairros t\u00edpicos de Carmen alto e Yanahuara. (Mirador e Igreja). Estaremos de volta a Arequipa por volta das 18h.<\/p><p>Noite no hotel em Arequipa<\/p><p>Refei\u00e7\u00f5es: caf\u00e9 da manh\u00e3<\/p><\/div>\n\t\t\t\t<\/div>\n\t\t\t\t\t\t\t<div class=\"elementor-accordion-item\">\n\t\t\t\t\t<div id=\"elementor-tab-title-1646\" class=\"elementor-tab-title\" data-tab=\"6\" role=\"button\" aria-controls=\"elementor-tab-content-1646\" aria-expanded=\"false\">\n\t\t\t\t\t\t\t\t\t\t\t\t\t<span class=\"elementor-accordion-icon elementor-accordion-icon-left\" aria-hidden=\"true\">\n\t\t\t\t\t\t\t\t\t\t\t\t\t\t\t<span class=\"elementor-accordion-icon-closed\"><i class=\"fas fa-plus\"><\/i><\/span>\n\t\t\t\t\t\t\t\t<span class=\"elementor-accordion-icon-opened\"><i class=\"fas fa-minus\"><\/i><\/span>\n\t\t\t\t\t\t\t\t\t\t\t\t\t\t<\/span>\n\t\t\t\t\t\t\t\t\t\t\t\t<a class=\"elementor-accordion-title\" tabindex=\"0\">Dia 6: Fullday:. Passeio no C\u00e2nion do Colca<\/a>\n\t\t\t\t\t<\/div>\n\t\t\t\t\t<div id=\"elementor-tab-content-1646\" class=\"elementor-tab-content elementor-clearfix\" data-tab=\"6\" role=\"region\" aria-labelledby=\"elementor-tab-title-1646\"><p>Sa\u00edmos de Arequipa entre 2h30 e 3h00, dirigiremos por 3 horas a noroeste atr\u00e1s do Chachani at\u00e9 Chivay, capital do Colca Canyon. Onde tomaremos caf\u00e9 da manh\u00e3.<\/p><p>Continuamos dirigindo por 2 horas no ponto mais famoso do C\u00e2nion do Colca &#8220;La Cruz del Condor&#8221;. \u00c9 aqui que vemos a profundidade do c\u00e2nion e o voo do Condor. A \u00e1rea tem belas aldeias t\u00edpicas como Yanque e Maca, igrejas coloniais, pessoas simp\u00e1ticas com vestidos e chap\u00e9us com costuras t\u00edpicas e centenas de terra\u00e7os pr\u00e9-incas que ainda est\u00e3o em uso com culturas andinas como milho, quinoa e amaranto. J\u00e1 em Chivay ao meio-dia, h\u00e1 uma visita opcional \u00e0s fontes termais de La Calera, com piscinas que possuem temperatura da \u00e1gua de 40\u00b0C\/104\u00b0F.<\/p><p>Uma vez em Chivay, teremos um almo\u00e7o tradicional e depois do almo\u00e7o viajaremos de volta a Arequipa. Paramos no caminho, no degrau mais alto: o mirante dos vulc\u00f5es e montanhas nevadas de Patapampa (4.800m). Mais tarde, veremos vicunhas, alpacas e lhamas selvagens na reserva nacional de Pampa Ca\u00f1ahuas e algumas aves como flamingos, \u00edbis, gansos andinos, patos e \u00e1guias andinas qu\u00edchuas chamadas &#8220;Kara Kara&#8221;. Finalmente chegamos \u00e0 cidade de Arequipa no final da tarde, aproximadamente \u00e0s 17:00.<\/p><p>Noite no hotel em Arequipa<\/p><p>Refei\u00e7\u00f5es: caf\u00e9 da manh\u00e3, almo\u00e7o<\/p><\/div>\n\t\t\t\t<\/div>\n\t\t\t\t\t\t\t<div class=\"elementor-accordion-item\">\n\t\t\t\t\t<div id=\"elementor-tab-title-1647\" class=\"elementor-tab-title\" data-tab=\"7\" role=\"button\" aria-controls=\"elementor-tab-content-1647\" aria-expanded=\"false\">\n\t\t\t\t\t\t\t\t\t\t\t\t\t<span class=\"elementor-accordion-icon elementor-accordion-icon-left\" aria-hidden=\"true\">\n\t\t\t\t\t\t\t\t\t\t\t\t\t\t\t<span class=\"elementor-accordion-icon-closed\"><i class=\"fas fa-plus\"><\/i><\/span>\n\t\t\t\t\t\t\t\t<span class=\"elementor-accordion-icon-opened\"><i class=\"fas fa-minus\"><\/i><\/span>\n\t\t\t\t\t\t\t\t\t\t\t\t\t\t<\/span>\n\t\t\t\t\t\t\t\t\t\t\t\t<a class=\"elementor-accordion-title\" tabindex=\"0\">Dia 7: Manh\u00e3:. Passeio Pedra Sillar<\/a>\n\t\t\t\t\t<\/div>\n\t\t\t\t\t<div id=\"elementor-tab-content-1647\" class=\"elementor-tab-content elementor-clearfix\" data-tab=\"7\" role=\"region\" aria-labelledby=\"elementor-tab-title-1647\"><p>Recolha em nosso alojamento por volta das 8h e traslado \u00e0s pedreiras de silhar no distrito de Cerro Colorado. Em tempo de arpo. A 30 minutos do centro de Arequipa chegamos a este lugar conhecido como Pedreiras A\u00f1ashuayco, neste lugar podemos ver onde \u00e9 que os pedreiros levam Ignimbrite e conseguem pacientemente desenvolver o Sillar, explicaremos em detalhes a prepara\u00e7\u00e3o e tamb\u00e9m eles aprenda a hist\u00f3ria por tr\u00e1s do Sillar. No devido tempo retornaremos \u00e0 cidade de Arequipa e chegaremos por volta das 13h<\/p><p>Tarde livre para desfrutar da cidade ou visitar museus.<\/p><p>Noite no hotel em Arequipa<\/p><p>Refei\u00e7\u00f5es: caf\u00e9 da manh\u00e3<\/p><\/div>\n\t\t\t\t<\/div>\n\t\t\t\t\t\t\t<div class=\"elementor-accordion-item\">\n\t\t\t\t\t<div id=\"elementor-tab-title-1648\" class=\"elementor-tab-title\" data-tab=\"8\" role=\"button\" aria-controls=\"elementor-tab-content-1648\" aria-expanded=\"false\">\n\t\t\t\t\t\t\t\t\t\t\t\t\t<span class=\"elementor-accordion-icon elementor-accordion-icon-left\" aria-hidden=\"true\">\n\t\t\t\t\t\t\t\t\t\t\t\t\t\t\t<span class=\"elementor-accordion-icon-closed\"><i class=\"fas fa-plus\"><\/i><\/span>\n\t\t\t\t\t\t\t\t<span class=\"elementor-accordion-icon-opened\"><i class=\"fas fa-minus\"><\/i><\/span>\n\t\t\t\t\t\t\t\t\t\t\t\t\t\t<\/span>\n\t\t\t\t\t\t\t\t\t\t\t\t<a class=\"elementor-accordion-title\" tabindex=\"0\">Dia 8: Sa\u00edda de Arequipa<\/a>\n\t\t\t\t\t<\/div>\n\t\t\t\t\t<div id=\"elementor-tab-content-1648\" class=\"elementor-tab-content elementor-clearfix\" data-tab=\"8\" role=\"region\" aria-labelledby=\"elementor-tab-title-1648\"><p>Em hor\u00e1rio apropriado, traslado ao aeroporto.<\/p><p>Refei\u00e7\u00f5es: caf\u00e9 da manh\u00e3<\/p><p>Fim dos nossos servi\u00e7os<\/p><\/div>\n\t\t\t\t<\/div>\n\t\t\t\t\t\t\t\t<\/div>\n\t\t\t\t\t\t<\/div>\n\t\t\t\t<\/div>\n\t\t\t\t<div class=\"elementor-element elementor-element-13bf6978 elementor-widget elementor-widget-text-editor\" data-id=\"13bf6978\" data-element_type=\"widget\" data-e-type=\"widget\" data-widget_type=\"text-editor.default\">\n\t\t\t\t<div class=\"elementor-widget-container\">\n\t\t\t\t\t\t\t\t\t<h3><span style=\"color: #008000;\"><strong>Inclu\u00eddo no pacote:<\/strong><\/span><\/h3><ul><li>Traslado privativo aeroporto \u2013 hotel \u2013 aeroporto (rodovi\u00e1ria)<\/li><li>\u00d4nibus confort\u00e1vel de Lima para Paracas<\/li><li>\u00d4nibus confort\u00e1vel de Paracas para Nazca<\/li><li>Tarde Tour Reserva de Paracas &#8211; servi\u00e7o compartilhado<\/li><li>Passeio de barco pela ilha Ballestas matinal &#8211; servi\u00e7o compartilhado<\/li><li>Tour pelas Linhas de Nazca \u2013 tour compartilhado<\/li><li>City Tour \u00e0 tarde em Arequipa \u2013 servi\u00e7o compartilhado<\/li><li>Excurs\u00e3o de dia inteiro ao Colca Canyon \u2013 servi\u00e7o compartilhado<\/li><li>Tour Manh\u00e3 Sillar Rout &#8211; tour compartilhado<\/li><li>1 noite em Lima<\/li><li>1 noite em Paracas<\/li><li>1 noite em Nazca<\/li><li>3 noites em Arequipa<\/li><li>1 noite em \u00f4nibus confort\u00e1vel de Nazca para Arequipa<\/li><li>1 almo\u00e7o em Chivay<\/li><li>Caf\u00e9 da manh\u00e3 no hotel<\/li><li>Guia profissional em ingl\u00eas ou espanhol<\/li><li>Transporte para todas as visitas inclu\u00eddas no itiner\u00e1rio<\/li><li>Suporte 24\/7<\/li><\/ul><h3><span style=\"color: #008000;\"><strong>N\u00e3o incluso:<\/strong><\/span><\/h3><ul><li>V\u00f4os internacionais<\/li><li>Voo de partida de Arequipa<\/li><li>Refei\u00e7\u00f5es n\u00e3o especificadas no itiner\u00e1rio<\/li><li>Gorjetas<\/li><\/ul><p><em><strong>**Dicas de reserva:<\/strong><\/em><\/p><p>-Voc\u00ea pode chegar a qualquer hora em Lima, vamos busc\u00e1-lo no aeroporto<\/p><p>-Check-in no hotel em Lima \u00e9 \u00e0s 11h<\/p><p>-Seu voo de partida deve ser de Arequipa<\/p>\t\t\t\t\t\t\t\t<\/div>\n\t\t\t\t<\/div>\n\t\t\t\t\t<\/div>\n\t\t<\/div>\n\t\t\t\t\t<\/div>\n\t\t<\/section>\n\t\t\t\t<\/div>\n\t\t","protected":false},"excerpt":{"rendered":"<p><strong>Descri\u00e7\u00e3o<\/strong><\/p>\n<p><strong>C\u00d3DIGO:<\/strong> PVT-P8002<\/p>\n<ul>\n<li><strong>Sa\u00eddas:<\/strong> Di\u00e1rias<\/li>\n<li><strong>Dura\u00e7\u00e3o:<\/strong> 8 Dias \/ 7 Noites<\/li>\n<\/ul>\n","protected":false},"featured_media":4165,"template":"","meta":{"site-sidebar-layout":"no-sidebar","site-content-layout":"page-builder","ast-site-content-layout":"full-width-container","site-content-style":"unboxed","site-sidebar-style":"unboxed","ast-global-header-display":"","ast-banner-title-visibility":"","ast-main-header-display":"","ast-hfb-above-header-display":"","ast-hfb-below-header-display":"","ast-hfb-mobile-header-display":"","site-post-title":"disabled","ast-breadcrumbs-content":"","ast-featured-img":"disabled","footer-sml-layout":"","ast-disable-related-posts":"","theme-transparent-header-meta":"default","adv-header-id-meta":"","stick-header-meta":"default","header-above-stick-meta":"","header-main-stick-meta":"","header-below-stick-meta":"","astra-migrate-meta-layouts":"set","ast-page-background-enabled":"default","ast-page-background-meta":{"desktop":{"background-color":"var(--ast-global-color-4)","background-image":"","background-repeat":"repeat","background-position":"center center","background-size":"auto","background-attachment":"scroll","background-type":"","background-media":"","overlay-type":"","overlay-color":"","overlay-opacity":"","overlay-gradient":""},"tablet":{"background-color":"","background-image":"","background-repeat":"repeat","background-position":"center center","background-size":"auto","background-attachment":"scroll","background-type":"","background-media":"","overlay-type":"","overlay-color":"","overlay-opacity":"","overlay-gradient":""},"mobile":{"background-color":"","background-image":"","background-repeat":"repeat","background-position":"center center","background-size":"auto","background-attachment":"scroll","background-type":"","background-media":"","overlay-type":"","overlay-color":"","overlay-opacity":"","overlay-gradient":""}},"ast-content-background-meta":{"desktop":{"background-color":"var(--ast-global-color-5)","background-image":"","background-repeat":"repeat","background-position":"center center","background-size":"auto","background-attachment":"scroll","background-type":"","background-media":"","overlay-type":"","overlay-color":"","overlay-opacity":"","overlay-gradient":""},"tablet":{"background-color":"var(--ast-global-color-5)","background-image":"","background-repeat":"repeat","background-position":"center center","background-size":"auto","background-attachment":"scroll","background-type":"","background-media":"","overlay-type":"","overlay-color":"","overlay-opacity":"","overlay-gradient":""},"mobile":{"background-color":"var(--ast-global-color-5)","background-image":"","background-repeat":"repeat","background-position":"center center","background-size":"auto","background-attachment":"scroll","background-type":"","background-media":"","overlay-type":"","overlay-color":"","overlay-opacity":"","overlay-gradient":""}},"_joinchat":[]},"product_brand":[],"product_cat":[153],"product_tag":[],"class_list":{"0":"post-4182","1":"product","2":"type-product","3":"status-publish","4":"has-post-thumbnail","6":"product_cat-por-todo-peru","7":"desktop-align-center","8":"tablet-align-center","9":"mobile-align-center","10":"ast-product-gallery-layout-horizontal-slider","11":"ast-product-gallery-with-no-image","12":"ast-product-single-variable","13":"ast-product-tabs-layout-horizontal","15":"first","16":"instock","17":"shipping-taxable","18":"purchasable","19":"product-type-variable"},"_links":{"self":[{"href":"https:\/\/www.pvtravels.com\/pt-pt\/wp-json\/wp\/v2\/product\/4182","targetHints":{"allow":["GET"]}}],"collection":[{"href":"https:\/\/www.pvtravels.com\/pt-pt\/wp-json\/wp\/v2\/product"}],"about":[{"href":"https:\/\/www.pvtravels.com\/pt-pt\/wp-json\/wp\/v2\/types\/product"}],"version-history":[{"count":7,"href":"https:\/\/www.pvtravels.com\/pt-pt\/wp-json\/wp\/v2\/product\/4182\/revisions"}],"predecessor-version":[{"id":5849,"href":"https:\/\/www.pvtravels.com\/pt-pt\/wp-json\/wp\/v2\/product\/4182\/revisions\/5849"}],"wp:featuredmedia":[{"embeddable":true,"href":"https:\/\/www.pvtravels.com\/pt-pt\/wp-json\/wp\/v2\/media\/4165"}],"wp:attachment":[{"href":"https:\/\/www.pvtravels.com\/pt-pt\/wp-json\/wp\/v2\/media?parent=4182"}],"wp:term":[{"taxonomy":"product_brand","embeddable":true,"href":"https:\/\/www.pvtravels.com\/pt-pt\/wp-json\/wp\/v2\/product_brand?post=4182"},{"taxonomy":"product_cat","embeddable":true,"href":"https:\/\/www.pvtravels.com\/pt-pt\/wp-json\/wp\/v2\/product_cat?post=4182"},{"taxonomy":"product_tag","embeddable":true,"href":"https:\/\/www.pvtravels.com\/pt-pt\/wp-json\/wp\/v2\/product_tag?post=4182"}],"curies":[{"name":"wp","href":"https:\/\/api.w.org\/{rel}","templated":true}]}}