{"id":3854,"date":"2022-02-08T16:42:18","date_gmt":"2022-02-08T21:42:18","guid":{"rendered":"https:\/\/www.pvtravels.com\/tour\/sem%20categoria\/sudeste-montanha-arequipa-cusco-6-dias\/"},"modified":"2026-02-06T10:59:53","modified_gmt":"2026-02-06T15:59:53","slug":"sudeste-montanha-arequipa-cusco-6-dias","status":"publish","type":"product","link":"https:\/\/www.pvtravels.com\/pt-pt\/tour\/por-todo-peru\/sudeste-montanha-arequipa-cusco-6-dias\/","title":{"rendered":"Sudeste &#8211; Montanha :. Arequipa &#8211; Cusco 6 dias"},"content":{"rendered":"\t\t<div data-elementor-type=\"product-post\" data-elementor-id=\"3854\" class=\"elementor elementor-3854 elementor-3823\" data-elementor-post-type=\"product\">\n\t\t\t\t\t\t<section class=\"elementor-section elementor-top-section elementor-element elementor-element-5cd5279 elementor-section-boxed elementor-section-height-default elementor-section-height-default\" data-id=\"5cd5279\" data-element_type=\"section\" data-e-type=\"section\">\n\t\t\t\t\t\t<div class=\"elementor-container elementor-column-gap-default\">\n\t\t\t\t\t<div class=\"elementor-column elementor-col-100 elementor-top-column elementor-element elementor-element-461f512f\" data-id=\"461f512f\" data-element_type=\"column\" data-e-type=\"column\">\n\t\t\t<div class=\"elementor-widget-wrap elementor-element-populated\">\n\t\t\t\t\t\t<div class=\"elementor-element elementor-element-45c9d516 elementor-widget elementor-widget-heading\" data-id=\"45c9d516\" data-element_type=\"widget\" data-e-type=\"widget\" data-widget_type=\"heading.default\">\n\t\t\t\t<div class=\"elementor-widget-container\">\n\t\t\t\t\t<h3 class=\"elementor-heading-title elementor-size-default\">Itinerario<\/h3>\t\t\t\t<\/div>\n\t\t\t\t<\/div>\n\t\t\t\t<div class=\"elementor-element elementor-element-6e0bac41 elementor-widget elementor-widget-accordion\" data-id=\"6e0bac41\" data-element_type=\"widget\" data-e-type=\"widget\" data-widget_type=\"accordion.default\">\n\t\t\t\t<div class=\"elementor-widget-container\">\n\t\t\t\t\t\t\t<div class=\"elementor-accordion\">\n\t\t\t\t\t\t\t<div class=\"elementor-accordion-item\">\n\t\t\t\t\t<div id=\"elementor-tab-title-1841\" class=\"elementor-tab-title\" data-tab=\"1\" role=\"button\" aria-controls=\"elementor-tab-content-1841\" aria-expanded=\"false\">\n\t\t\t\t\t\t\t\t\t\t\t\t\t<span class=\"elementor-accordion-icon elementor-accordion-icon-left\" aria-hidden=\"true\">\n\t\t\t\t\t\t\t\t\t\t\t\t\t\t\t<span class=\"elementor-accordion-icon-closed\"><i class=\"fas fa-plus\"><\/i><\/span>\n\t\t\t\t\t\t\t\t<span class=\"elementor-accordion-icon-opened\"><i class=\"fas fa-minus\"><\/i><\/span>\n\t\t\t\t\t\t\t\t\t\t\t\t\t\t<\/span>\n\t\t\t\t\t\t\t\t\t\t\t\t<a class=\"elementor-accordion-title\" tabindex=\"0\">Dia 1: Chegada a Arequipa<\/a>\n\t\t\t\t\t<\/div>\n\t\t\t\t\t<div id=\"elementor-tab-content-1841\" class=\"elementor-tab-content elementor-clearfix\" data-tab=\"1\" role=\"region\" aria-labelledby=\"elementor-tab-title-1841\"><p>Ap\u00f3s a chegada em Arequipa, seremos buscados e transferidos para o hotel. Ap\u00f3s o check-in no hotel, teremos manh\u00e3 livre para fazer compras ou descansar.<\/p><p><em>** <span style=\"text-decoration: underline;\"><strong>Nota:.<\/strong><\/span> recomendado chegar antes das 11h<\/em><\/p><p><span style=\"color: #008000;\"><strong>Tarde:. Arequipa City tour<\/strong><\/span><\/p><p>\u00c0 tarde, por volta das 13:30h, iniciaremos nosso passeio pela cidade de Arequipa, visitaremos o Mosteiro de Santa Catalina, depois visitaremos a Plaza de Armas, uma das mais bonitas do Peru, a Igreja Jesu\u00edta da Companhia, que em sua bela fachada anuncia a chamada arquitetura mesti\u00e7a, seus claustros e c\u00fapula, a casa Tristan del Pozo e, no final, e para uma vista magn\u00edfica da cidade, visitaremos os bairros t\u00edpicos de Carmen alto e Yanahuara. (Mirador e Igreja). Voltaremos a Arequipa por volta das 18h.<\/p><p>Noite no hotel em Arequipa<\/p><\/div>\n\t\t\t\t<\/div>\n\t\t\t\t\t\t\t<div class=\"elementor-accordion-item\">\n\t\t\t\t\t<div id=\"elementor-tab-title-1842\" class=\"elementor-tab-title\" data-tab=\"2\" role=\"button\" aria-controls=\"elementor-tab-content-1842\" aria-expanded=\"false\">\n\t\t\t\t\t\t\t\t\t\t\t\t\t<span class=\"elementor-accordion-icon elementor-accordion-icon-left\" aria-hidden=\"true\">\n\t\t\t\t\t\t\t\t\t\t\t\t\t\t\t<span class=\"elementor-accordion-icon-closed\"><i class=\"fas fa-plus\"><\/i><\/span>\n\t\t\t\t\t\t\t\t<span class=\"elementor-accordion-icon-opened\"><i class=\"fas fa-minus\"><\/i><\/span>\n\t\t\t\t\t\t\t\t\t\t\t\t\t\t<\/span>\n\t\t\t\t\t\t\t\t\t\t\t\t<a class=\"elementor-accordion-title\" tabindex=\"0\">Dia 2: Fullday:. Colca Canyon tour<\/a>\n\t\t\t\t\t<\/div>\n\t\t\t\t\t<div id=\"elementor-tab-content-1842\" class=\"elementor-tab-content elementor-clearfix\" data-tab=\"2\" role=\"region\" aria-labelledby=\"elementor-tab-title-1842\"><p>Deixamos Arequipa entre as 2:30 e as 3:00 da manh\u00e3. Dirigimos por 3 horas a noroeste, atr\u00e1s do Chachani, at\u00e9 Chivay, capital do Colca Canyon. Onde tomaremos caf\u00e9 da manh\u00e3.<\/p><p>Continuamos dirigindo por 2 horas no ponto mais famoso do Colca Canyon &#8220;La Cruz del Condor&#8221;. \u00c9 aqui que vemos a profundidade do canyon e o v\u00f4o do Condor. A \u00e1rea possui belas aldeias t\u00edpicas como Yanque e Maca, igrejas coloniais, pessoas amig\u00e1veis \u200b\u200bcom vestidos e chap\u00e9us com costura t\u00edpica e centenas de terra\u00e7os pr\u00e9-incas que ainda s\u00e3o utilizados com culturas andinas, como milho, quinoa e amaranto. J\u00e1 em Chivay, ao meio-dia, h\u00e1 uma visita opcional \u00e0s fontes termais de La Calera, com piscinas com temperatura da \u00e1gua de 40 \u00b0 C \/ 104 \u00b0 F. Uma vez em Chivay, teremos um almo\u00e7o tradicional e, depois do almo\u00e7o, viajaremos para de volta a Arequipa. Paramos no caminho, no degrau mais alto: o ponto de vista dos vulc\u00f5es e montanhas cobertas de neve em Patapampa (4.800 m). Mais tarde veremos vicunos selvagens, alpacas e lhamas na reserva nacional de Pampa Ca\u00f1ahuas e alguns p\u00e1ssaros como flamingos, \u00edbis, gansos andinos, patos e qu\u00edchua andina da \u00e1guia chamada &#8220;Kara Kara&#8221;. Finalmente, chegamos \u00e0 cidade de Arequipa no final da tarde, aproximadamente \u00e0s 17:00.<\/p><p><span style=\"text-decoration: underline; color: #008000;\"><strong>Arequipa &#8211; Cusco<\/strong><\/span><\/p><p>\u00c0 tarde, traslado \u00e0 esta\u00e7\u00e3o de \u00f4nibus para nosso \u00f4nibus noturno de Arequipa a Cusco. O percurso leva cerca de 10 horas e voc\u00ea ter\u00e1 servi\u00e7o a bordo.<\/p><p>Refei\u00e7\u00f5es: caf\u00e9 da manh\u00e3, almo\u00e7o<\/p><\/div>\n\t\t\t\t<\/div>\n\t\t\t\t\t\t\t<div class=\"elementor-accordion-item\">\n\t\t\t\t\t<div id=\"elementor-tab-title-1843\" class=\"elementor-tab-title\" data-tab=\"3\" role=\"button\" aria-controls=\"elementor-tab-content-1843\" aria-expanded=\"false\">\n\t\t\t\t\t\t\t\t\t\t\t\t\t<span class=\"elementor-accordion-icon elementor-accordion-icon-left\" aria-hidden=\"true\">\n\t\t\t\t\t\t\t\t\t\t\t\t\t\t\t<span class=\"elementor-accordion-icon-closed\"><i class=\"fas fa-plus\"><\/i><\/span>\n\t\t\t\t\t\t\t\t<span class=\"elementor-accordion-icon-opened\"><i class=\"fas fa-minus\"><\/i><\/span>\n\t\t\t\t\t\t\t\t\t\t\t\t\t\t<\/span>\n\t\t\t\t\t\t\t\t\t\t\t\t<a class=\"elementor-accordion-title\" tabindex=\"0\">Dia 3: Chegada a Cusco<\/a>\n\t\t\t\t\t<\/div>\n\t\t\t\t\t<div id=\"elementor-tab-content-1843\" class=\"elementor-tab-content elementor-clearfix\" data-tab=\"3\" role=\"region\" aria-labelledby=\"elementor-tab-title-1843\"><p>Ap\u00f3s a chegada a Cusco, recep\u00e7\u00e3o na rodovi\u00e1ria e traslado ao nosso hotel no centro da cidade.<\/p><p><span style=\"color: #008000;\"><strong>Tarde: Cusco City tour<\/strong><\/span><\/p><p>\u00c0 tarde, por volta das 13h10, traslado do hotel para come\u00e7ar o Cusco City Tour. O passeio come\u00e7ar\u00e1 com a visita ao Templo do Sol ou Qorikancha, Sacsayhuaman, Kenko, Puca Pucara e Tambomachay. Estaremos de volta por volta das 19:00.<\/p><p>Noite no hotel em Cusco<\/p><p>Refei\u00e7\u00f5es: sem refei\u00e7\u00f5es<\/p><\/div>\n\t\t\t\t<\/div>\n\t\t\t\t\t\t\t<div class=\"elementor-accordion-item\">\n\t\t\t\t\t<div id=\"elementor-tab-title-1844\" class=\"elementor-tab-title\" data-tab=\"4\" role=\"button\" aria-controls=\"elementor-tab-content-1844\" aria-expanded=\"false\">\n\t\t\t\t\t\t\t\t\t\t\t\t\t<span class=\"elementor-accordion-icon elementor-accordion-icon-left\" aria-hidden=\"true\">\n\t\t\t\t\t\t\t\t\t\t\t\t\t\t\t<span class=\"elementor-accordion-icon-closed\"><i class=\"fas fa-plus\"><\/i><\/span>\n\t\t\t\t\t\t\t\t<span class=\"elementor-accordion-icon-opened\"><i class=\"fas fa-minus\"><\/i><\/span>\n\t\t\t\t\t\t\t\t\t\t\t\t\t\t<\/span>\n\t\t\t\t\t\t\t\t\t\t\t\t<a class=\"elementor-accordion-title\" tabindex=\"0\">Dia 4: Valle Sagrado a Aguas Calientes<\/a>\n\t\t\t\t\t<\/div>\n\t\t\t\t\t<div id=\"elementor-tab-content-1844\" class=\"elementor-tab-content elementor-clearfix\" data-tab=\"4\" role=\"region\" aria-labelledby=\"elementor-tab-title-1844\"><p>Ap\u00f3s um delicioso caf\u00e9 da manh\u00e3, traslado do hotel por volta das 8h30 para come\u00e7ar o maravilhoso Tour Vale Sagrado dos Incas e visitaremos o parque arqueol\u00f3gico de Pisac e seu mercado tradicional, desfrutaremos de um delicioso buffet de almo\u00e7o em Urubamba e depois visitaremos a maravilhosa cidade de Ollantaytambo, onde voc\u00ea deve andar pelas ruas de paralelep\u00edpedos que mant\u00eam viva a cultura inca que nos faz voltar no tempo.<\/p><p>\u00c0 tarde, pegaremos nosso trem da esta\u00e7\u00e3o de Ollantaytambo para Aguas Calientes, a viagem levar\u00e1 aprox. 1.40h<\/p><p>\u00a0<\/p><p>A noite ser\u00e1 livre para relaxar e jantar no restaurante de sua escolha.<\/p><p>Noite no hotel em Aguas Calientes<\/p><p>Refei\u00e7\u00f5es: caf\u00e9 da manh\u00e3, almo\u00e7o<\/p><\/div>\n\t\t\t\t<\/div>\n\t\t\t\t\t\t\t<div class=\"elementor-accordion-item\">\n\t\t\t\t\t<div id=\"elementor-tab-title-1845\" class=\"elementor-tab-title\" data-tab=\"5\" role=\"button\" aria-controls=\"elementor-tab-content-1845\" aria-expanded=\"false\">\n\t\t\t\t\t\t\t\t\t\t\t\t\t<span class=\"elementor-accordion-icon elementor-accordion-icon-left\" aria-hidden=\"true\">\n\t\t\t\t\t\t\t\t\t\t\t\t\t\t\t<span class=\"elementor-accordion-icon-closed\"><i class=\"fas fa-plus\"><\/i><\/span>\n\t\t\t\t\t\t\t\t<span class=\"elementor-accordion-icon-opened\"><i class=\"fas fa-minus\"><\/i><\/span>\n\t\t\t\t\t\t\t\t\t\t\t\t\t\t<\/span>\n\t\t\t\t\t\t\t\t\t\t\t\t<a class=\"elementor-accordion-title\" tabindex=\"0\">Dia 5: Machu Picchu a Cusco <\/a>\n\t\t\t\t\t<\/div>\n\t\t\t\t\t<div id=\"elementor-tab-content-1845\" class=\"elementor-tab-content elementor-clearfix\" data-tab=\"5\" role=\"region\" aria-labelledby=\"elementor-tab-title-1845\"><p>Ap\u00f3s o caf\u00e9 da manh\u00e3, encontraremos nosso guia para pegar o \u00f4nibus para Machu Picchu, onde faremos um passeio de 2 horas com seu guia especializado. Ent\u00e3o teremos tempo para desfrutar de Machu Picchu. Quando voc\u00ea terminar em Machu Picchu, tomaremos nosso \u00f4nibus para Aguas Calientes.<\/p><p>\u00c0 tarde, pegaremos nosso trem de volta \u00e0 esta\u00e7\u00e3o de Ollantaytambo, onde nosso motorista estar\u00e1 esperando para nos levar de volta a Cusco.<\/p><p>Noite no hotel em Cusco.<\/p><p>Refei\u00e7\u00f5es: caf\u00e9 da manh\u00e3.<\/p><\/div>\n\t\t\t\t<\/div>\n\t\t\t\t\t\t\t<div class=\"elementor-accordion-item\">\n\t\t\t\t\t<div id=\"elementor-tab-title-1846\" class=\"elementor-tab-title\" data-tab=\"6\" role=\"button\" aria-controls=\"elementor-tab-content-1846\" aria-expanded=\"false\">\n\t\t\t\t\t\t\t\t\t\t\t\t\t<span class=\"elementor-accordion-icon elementor-accordion-icon-left\" aria-hidden=\"true\">\n\t\t\t\t\t\t\t\t\t\t\t\t\t\t\t<span class=\"elementor-accordion-icon-closed\"><i class=\"fas fa-plus\"><\/i><\/span>\n\t\t\t\t\t\t\t\t<span class=\"elementor-accordion-icon-opened\"><i class=\"fas fa-minus\"><\/i><\/span>\n\t\t\t\t\t\t\t\t\t\t\t\t\t\t<\/span>\n\t\t\t\t\t\t\t\t\t\t\t\t<a class=\"elementor-accordion-title\" tabindex=\"0\">Dia 6: Sa\u00edda de Cusco<\/a>\n\t\t\t\t\t<\/div>\n\t\t\t\t\t<div id=\"elementor-tab-content-1846\" class=\"elementor-tab-content elementor-clearfix\" data-tab=\"6\" role=\"region\" aria-labelledby=\"elementor-tab-title-1846\"><p>No momento apropriado, traslado do hotel para o aeroporto em Cusco para o seu voo para Lima.<\/p><p>Refei\u00e7\u00f5es: caf\u00e9 da manh\u00e3<\/p><p>\u00a0<\/p><p>Fim dos nossos servi\u00e7os!<\/p><\/div>\n\t\t\t\t<\/div>\n\t\t\t\t\t\t\t\t<\/div>\n\t\t\t\t\t\t<\/div>\n\t\t\t\t<\/div>\n\t\t\t\t<div class=\"elementor-element elementor-element-2f3feaf8 elementor-widget elementor-widget-text-editor\" data-id=\"2f3feaf8\" data-element_type=\"widget\" data-e-type=\"widget\" data-widget_type=\"text-editor.default\">\n\t\t\t\t<div class=\"elementor-widget-container\">\n\t\t\t\t\t\t\t\t\t<h3><span style=\"color: #008000;\"><strong>Inclu\u00eddo no pacote:<\/strong><\/span><\/h3><ul><li>Traslados privativo aeroporto &#8211; hotel &#8211; aeroporto ou rodovi\u00e1ria<\/li><li>Excurs\u00e3o Tarde em Arequipa &#8211; servi\u00e7o compartilhado<\/li><li>Excurs\u00e3o de dia inteiro ao Colca Canyon &#8211; servi\u00e7o compartilhado<\/li><li>Excurs\u00e3o Tarde em Cusco &#8211; servi\u00e7o compartilhado<\/li><li>Excurs\u00e3o ao Vale Sagrado &#8211; servi\u00e7o compartilhado<\/li><li>Excurs\u00e3o a Machu Picchu &#8211; servi\u00e7o compartilhado<\/li><li>Entradas para o Parque Nacional Colca<\/li><li>BTG (bilhete tur\u00edstico geral).<\/li><li>Taxas de entrada: Koricancha, Catedral<\/li><li>Entradas para Machu Picchu<\/li><li>Visita guiada em ingl\u00eas ou espanhol<\/li><li>Passagem de \u00f4nibus: Aguas Calientes-Machu Picchu-Aguas Calientes.<\/li><li>Bilhete de trem Ollantaytambo &#8211; Aguas Calientes &#8211; Cusco<\/li><li>1 noite em \u00f4nibus n confort\u00e1vel Arequipa-Cusco<\/li><li>1 noite em hotel 3 * em Arequipa<\/li><li>1 noite em hotel 3 * em Aguas Calientes<\/li><li>2 noites em hotel 3 * em Cusco<\/li><li>Caf\u00e9 da manh\u00e3 no hotel<\/li><li>Almo\u00e7o em Chivay<\/li><li>Almo\u00e7o em Urubamba<\/li><li>Transporte para todas as visitas inclu\u00eddas no roteiro<\/li><li>Suporte 24\/7<\/li><\/ul><h3><span style=\"color: #008000;\"><strong>N\u00e3o inclu\u00eddo: <\/strong><\/span><\/h3><ul><li>Voos internacionais<\/li><li>Voo de partida de Cusco<\/li><li>Refei\u00e7\u00f5es n\u00e3o especificadas no itiner\u00e1rio<\/li><li>Dicas<\/li><\/ul><p><strong><em>** Dicas de reservas:<\/em><\/strong><\/p><p>-O check-in no hotel em Arequipa \u00e9 \u00e0s 11h.<\/p><p>-Voc\u00ea deve chegar em Arequipa para o in\u00edcio do pacote.<\/p><p>&#8211; O voo de partida deve ser de Cusco<\/p>\t\t\t\t\t\t\t\t<\/div>\n\t\t\t\t<\/div>\n\t\t\t\t\t<\/div>\n\t\t<\/div>\n\t\t\t\t\t<\/div>\n\t\t<\/section>\n\t\t\t\t<\/div>\n\t\t","protected":false},"excerpt":{"rendered":"<p><strong>Descri\u00e7\u00e3o<\/strong><\/p>\n<p><strong>C\u00d3DIGO:<\/strong> PVT- P6002<\/p>\n<ul>\n<li><strong>Sa\u00eddas:<\/strong> Di\u00e1rias<\/li>\n<li><strong>Dura\u00e7\u00e3o:<\/strong> 6 dias \/ 5 noites<\/li>\n<\/ul>\n<p>**<span style=\"color: #ff0000;\"><strong>RESERVE J\u00c1 E GANHE 15% DE DESCONTO!!<\/strong><\/span><\/p>\n","protected":false},"featured_media":3828,"template":"","meta":{"site-sidebar-layout":"no-sidebar","site-content-layout":"page-builder","ast-site-content-layout":"full-width-container","site-content-style":"unboxed","site-sidebar-style":"unboxed","ast-global-header-display":"","ast-banner-title-visibility":"","ast-main-header-display":"","ast-hfb-above-header-display":"","ast-hfb-below-header-display":"","ast-hfb-mobile-header-display":"","site-post-title":"disabled","ast-breadcrumbs-content":"","ast-featured-img":"disabled","footer-sml-layout":"","ast-disable-related-posts":"","theme-transparent-header-meta":"default","adv-header-id-meta":"","stick-header-meta":"default","header-above-stick-meta":"","header-main-stick-meta":"","header-below-stick-meta":"","astra-migrate-meta-layouts":"set","ast-page-background-enabled":"default","ast-page-background-meta":{"desktop":{"background-color":"var(--ast-global-color-4)","background-image":"","background-repeat":"repeat","background-position":"center center","background-size":"auto","background-attachment":"scroll","background-type":"","background-media":"","overlay-type":"","overlay-color":"","overlay-opacity":"","overlay-gradient":""},"tablet":{"background-color":"","background-image":"","background-repeat":"repeat","background-position":"center center","background-size":"auto","background-attachment":"scroll","background-type":"","background-media":"","overlay-type":"","overlay-color":"","overlay-opacity":"","overlay-gradient":""},"mobile":{"background-color":"","background-image":"","background-repeat":"repeat","background-position":"center center","background-size":"auto","background-attachment":"scroll","background-type":"","background-media":"","overlay-type":"","overlay-color":"","overlay-opacity":"","overlay-gradient":""}},"ast-content-background-meta":{"desktop":{"background-color":"var(--ast-global-color-5)","background-image":"","background-repeat":"repeat","background-position":"center center","background-size":"auto","background-attachment":"scroll","background-type":"","background-media":"","overlay-type":"","overlay-color":"","overlay-opacity":"","overlay-gradient":""},"tablet":{"background-color":"var(--ast-global-color-5)","background-image":"","background-repeat":"repeat","background-position":"center center","background-size":"auto","background-attachment":"scroll","background-type":"","background-media":"","overlay-type":"","overlay-color":"","overlay-opacity":"","overlay-gradient":""},"mobile":{"background-color":"var(--ast-global-color-5)","background-image":"","background-repeat":"repeat","background-position":"center center","background-size":"auto","background-attachment":"scroll","background-type":"","background-media":"","overlay-type":"","overlay-color":"","overlay-opacity":"","overlay-gradient":""}},"_joinchat":[]},"product_brand":[],"product_cat":[153],"product_tag":[],"class_list":{"0":"post-3854","1":"product","2":"type-product","3":"status-publish","4":"has-post-thumbnail","6":"product_cat-por-todo-peru","7":"desktop-align-center","8":"tablet-align-center","9":"mobile-align-center","10":"ast-product-gallery-layout-horizontal-slider","11":"ast-product-gallery-with-no-image","12":"ast-product-single-variable","13":"ast-product-tabs-layout-horizontal","15":"first","16":"instock","17":"shipping-taxable","18":"purchasable","19":"product-type-variable"},"_links":{"self":[{"href":"https:\/\/www.pvtravels.com\/pt-pt\/wp-json\/wp\/v2\/product\/3854","targetHints":{"allow":["GET"]}}],"collection":[{"href":"https:\/\/www.pvtravels.com\/pt-pt\/wp-json\/wp\/v2\/product"}],"about":[{"href":"https:\/\/www.pvtravels.com\/pt-pt\/wp-json\/wp\/v2\/types\/product"}],"version-history":[{"count":10,"href":"https:\/\/www.pvtravels.com\/pt-pt\/wp-json\/wp\/v2\/product\/3854\/revisions"}],"predecessor-version":[{"id":6512,"href":"https:\/\/www.pvtravels.com\/pt-pt\/wp-json\/wp\/v2\/product\/3854\/revisions\/6512"}],"wp:featuredmedia":[{"embeddable":true,"href":"https:\/\/www.pvtravels.com\/pt-pt\/wp-json\/wp\/v2\/media\/3828"}],"wp:attachment":[{"href":"https:\/\/www.pvtravels.com\/pt-pt\/wp-json\/wp\/v2\/media?parent=3854"}],"wp:term":[{"taxonomy":"product_brand","embeddable":true,"href":"https:\/\/www.pvtravels.com\/pt-pt\/wp-json\/wp\/v2\/product_brand?post=3854"},{"taxonomy":"product_cat","embeddable":true,"href":"https:\/\/www.pvtravels.com\/pt-pt\/wp-json\/wp\/v2\/product_cat?post=3854"},{"taxonomy":"product_tag","embeddable":true,"href":"https:\/\/www.pvtravels.com\/pt-pt\/wp-json\/wp\/v2\/product_tag?post=3854"}],"curies":[{"name":"wp","href":"https:\/\/api.w.org\/{rel}","templated":true}]}}