{"id":4168,"date":"2022-02-14T15:16:05","date_gmt":"2022-02-14T20:16:05","guid":{"rendered":"https:\/\/www.pvtravels.com\/tour\/sin%20categor\u00eda\/centro-al-sureste-lima-paracas-ica-arequipa-8-dias\/"},"modified":"2025-02-12T16:25:05","modified_gmt":"2025-02-12T21:25:05","slug":"centro-al-sureste-lima-paracas-ica-arequipa-8-dias","status":"publish","type":"product","link":"https:\/\/www.pvtravels.com\/es\/tour\/por-el-peru\/centro-al-sureste-lima-paracas-ica-arequipa-8-dias\/","title":{"rendered":"Centro al Sureste:. Lima &#8211; Paracas &#8211; Ica &#8211; Arequipa &#8211; 8 d\u00edas"},"content":{"rendered":"\t\t<div data-elementor-type=\"product-post\" data-elementor-id=\"4168\" class=\"elementor elementor-4168 elementor-4152\" data-elementor-post-type=\"product\">\n\t\t\t\t\t\t<section class=\"elementor-section elementor-top-section elementor-element elementor-element-54c5881 elementor-section-boxed elementor-section-height-default elementor-section-height-default\" data-id=\"54c5881\" data-element_type=\"section\" data-e-type=\"section\">\n\t\t\t\t\t\t<div class=\"elementor-container elementor-column-gap-default\">\n\t\t\t\t\t<div class=\"elementor-column elementor-col-100 elementor-top-column elementor-element elementor-element-39501221\" data-id=\"39501221\" data-element_type=\"column\" data-e-type=\"column\">\n\t\t\t<div class=\"elementor-widget-wrap elementor-element-populated\">\n\t\t\t\t\t\t<div class=\"elementor-element elementor-element-7ecb152a elementor-widget elementor-widget-heading\" data-id=\"7ecb152a\" data-element_type=\"widget\" data-e-type=\"widget\" data-widget_type=\"heading.default\">\n\t\t\t\t<div class=\"elementor-widget-container\">\n\t\t\t\t\t<h3 class=\"elementor-heading-title elementor-size-default\">Itinerario<\/h3>\t\t\t\t<\/div>\n\t\t\t\t<\/div>\n\t\t\t\t<div class=\"elementor-element elementor-element-62014664 elementor-widget elementor-widget-accordion\" data-id=\"62014664\" data-element_type=\"widget\" data-e-type=\"widget\" data-widget_type=\"accordion.default\">\n\t\t\t\t<div class=\"elementor-widget-container\">\n\t\t\t\t\t\t\t<div class=\"elementor-accordion\">\n\t\t\t\t\t\t\t<div class=\"elementor-accordion-item\">\n\t\t\t\t\t<div id=\"elementor-tab-title-1641\" class=\"elementor-tab-title\" data-tab=\"1\" role=\"button\" aria-controls=\"elementor-tab-content-1641\" aria-expanded=\"false\">\n\t\t\t\t\t\t\t\t\t\t\t\t\t<span class=\"elementor-accordion-icon elementor-accordion-icon-left\" aria-hidden=\"true\">\n\t\t\t\t\t\t\t\t\t\t\t\t\t\t\t<span class=\"elementor-accordion-icon-closed\"><i class=\"fas fa-plus\"><\/i><\/span>\n\t\t\t\t\t\t\t\t<span class=\"elementor-accordion-icon-opened\"><i class=\"fas fa-minus\"><\/i><\/span>\n\t\t\t\t\t\t\t\t\t\t\t\t\t\t<\/span>\n\t\t\t\t\t\t\t\t\t\t\t\t<a class=\"elementor-accordion-title\" tabindex=\"0\">D\u00eda 1: Llegada en Lima<\/a>\n\t\t\t\t\t<\/div>\n\t\t\t\t\t<div id=\"elementor-tab-content-1641\" class=\"elementor-tab-content elementor-clearfix\" data-tab=\"1\" role=\"region\" aria-labelledby=\"elementor-tab-title-1641\"><p>A su llegada al aeropuerto de Lima, lo estaremos esperando y juntos iremos al alojamiento en Lima.<\/p><p>**Nota:. Check in en el hotel a partir de las 11am<\/p><p>Noche en hotel en Lima.<\/p><\/div>\n\t\t\t\t<\/div>\n\t\t\t\t\t\t\t<div class=\"elementor-accordion-item\">\n\t\t\t\t\t<div id=\"elementor-tab-title-1642\" class=\"elementor-tab-title\" data-tab=\"2\" role=\"button\" aria-controls=\"elementor-tab-content-1642\" aria-expanded=\"false\">\n\t\t\t\t\t\t\t\t\t\t\t\t\t<span class=\"elementor-accordion-icon elementor-accordion-icon-left\" aria-hidden=\"true\">\n\t\t\t\t\t\t\t\t\t\t\t\t\t\t\t<span class=\"elementor-accordion-icon-closed\"><i class=\"fas fa-plus\"><\/i><\/span>\n\t\t\t\t\t\t\t\t<span class=\"elementor-accordion-icon-opened\"><i class=\"fas fa-minus\"><\/i><\/span>\n\t\t\t\t\t\t\t\t\t\t\t\t\t\t<\/span>\n\t\t\t\t\t\t\t\t\t\t\t\t<a class=\"elementor-accordion-title\" tabindex=\"0\">D\u00eda 2: Lima - Paracas<\/a>\n\t\t\t\t\t<\/div>\n\t\t\t\t\t<div id=\"elementor-tab-content-1642\" class=\"elementor-tab-content elementor-clearfix\" data-tab=\"2\" role=\"region\" aria-labelledby=\"elementor-tab-title-1642\"><p>A la hora oportuna, traslado en carro privado a la estaci\u00f3n de bus en Lima, luego iniciaremos nuestro viaje Sur del Per\u00fa, bordeando la costa hasta la ciudad de Paracas. El viaje durar\u00e1 aproximadamente 3 horas. A su llegada a Paracas, traslado al alojamiento.<\/p><p><span style=\"color: #008000;\"><strong><u>Tarde: Reserva Nacional de Paracas<\/u><\/strong><\/span><\/p><p>Traslado del hotel en Paracas para iniciar nuestra excursi\u00f3n al impresionante Desierto Costero de la Reserva Nacional de Paracas, visitaremos el Centro de Interpretaci\u00f3n de la reserva, el cual ofrece interesantes fotograf\u00edas y fotograf\u00edas mostrando toda la vida y fauna que existe en ella. Tambi\u00e9n realizaremos un recorrido por la Pen\u00ednsula de Paracas, observando el colorido desierto amarillo rojizo, formaciones hechas por los vientos y visitando, sus hermosas playas, como playa Yumaque, playa Roja y playa Lagunillas, en esta playa tendr\u00e1 tiempo libre para dar paseos por la playa en busca de fotos, luego regresaremos a Paracas<\/p><p>Resto del d\u00eda libre para disfrutar de la ciudad y sus deliciosos platos.<\/p><p>Noche de hotel en Paracas.<\/p><p>Comidas: desayuno<\/p><\/div>\n\t\t\t\t<\/div>\n\t\t\t\t\t\t\t<div class=\"elementor-accordion-item\">\n\t\t\t\t\t<div id=\"elementor-tab-title-1643\" class=\"elementor-tab-title\" data-tab=\"3\" role=\"button\" aria-controls=\"elementor-tab-content-1643\" aria-expanded=\"false\">\n\t\t\t\t\t\t\t\t\t\t\t\t\t<span class=\"elementor-accordion-icon elementor-accordion-icon-left\" aria-hidden=\"true\">\n\t\t\t\t\t\t\t\t\t\t\t\t\t\t\t<span class=\"elementor-accordion-icon-closed\"><i class=\"fas fa-plus\"><\/i><\/span>\n\t\t\t\t\t\t\t\t<span class=\"elementor-accordion-icon-opened\"><i class=\"fas fa-minus\"><\/i><\/span>\n\t\t\t\t\t\t\t\t\t\t\t\t\t\t<\/span>\n\t\t\t\t\t\t\t\t\t\t\t\t<a class=\"elementor-accordion-title\" tabindex=\"0\">D\u00eda 3: Ma\u00f1ana :. Isla Ballestas<\/a>\n\t\t\t\t\t<\/div>\n\t\t\t\t\t<div id=\"elementor-tab-content-1643\" class=\"elementor-tab-content elementor-clearfix\" data-tab=\"3\" role=\"region\" aria-labelledby=\"elementor-tab-title-1643\"><p>Alrededor de las 07:30 am, traslado del hotel al puerto de Paracas para nuestro tour. Las Islas Ballestas se encuentran a unos 30 minutos de la costa y est\u00e1n habitadas por una incre\u00edble variedad de especies marinas. Adem\u00e1s de las aves, los visitantes podr\u00e1n apreciar cientos de leones marinos tomando el sol en las playas adyacentes, o nadando muy cerca de nuestro yate.<\/p><p><span style=\"color: #008000;\"><strong><u>Paracas &#8211; Nazca<\/u><\/strong><\/span><\/p><p>Por la tarde, nos trasladaremos a la estaci\u00f3n de bus en Paracas, para iniciar nuestro viaje hacia el sur hasta la ciudad de Nazca. El viaje durar\u00e1 unas 4 horas.<\/p><p>A su llegada, recepci\u00f3n en la estaci\u00f3n de bus y traslado a nuestro alojamiento.<\/p><p>\u00a1Resto del d\u00eda libre para pasear por la ciudad!<\/p><p>Noche en hotel en Nazca.<\/p><p>Alimentaci\u00f3n: desayuno en el hotel.<\/p><\/div>\n\t\t\t\t<\/div>\n\t\t\t\t\t\t\t<div class=\"elementor-accordion-item\">\n\t\t\t\t\t<div id=\"elementor-tab-title-1644\" class=\"elementor-tab-title\" data-tab=\"4\" role=\"button\" aria-controls=\"elementor-tab-content-1644\" aria-expanded=\"false\">\n\t\t\t\t\t\t\t\t\t\t\t\t\t<span class=\"elementor-accordion-icon elementor-accordion-icon-left\" aria-hidden=\"true\">\n\t\t\t\t\t\t\t\t\t\t\t\t\t\t\t<span class=\"elementor-accordion-icon-closed\"><i class=\"fas fa-plus\"><\/i><\/span>\n\t\t\t\t\t\t\t\t<span class=\"elementor-accordion-icon-opened\"><i class=\"fas fa-minus\"><\/i><\/span>\n\t\t\t\t\t\t\t\t\t\t\t\t\t\t<\/span>\n\t\t\t\t\t\t\t\t\t\t\t\t<a class=\"elementor-accordion-title\" tabindex=\"0\">D\u00eda 4: Ma\u00f1ana :. L\u00edneas de Nazca<\/a>\n\t\t\t\t\t<\/div>\n\t\t\t\t\t<div id=\"elementor-tab-content-1644\" class=\"elementor-tab-content elementor-clearfix\" data-tab=\"4\" role=\"region\" aria-labelledby=\"elementor-tab-title-1644\"><p>A las 8 am, despu\u00e9s del desayuno, nos recoger\u00e1n para dirigirnos al aeropuerto de Nazca para iniciar nuestro tour de aventura por el cielo peruano para ver la m\u00e1s maravilla de Sudam\u00e9rica &#8211; L\u00edneas de Nazca &#8211; Una vista impresionante desde el aire en un vuelo de 30 minutos. sobre una de las mayores creaciones del mundo antiguo. Descubriremos los fascinantes geoglifos en el desierto de Nazca declarado Patrimonio de la Humanidad por la Unesco.<\/p><p><span style=\"color: #008000;\"><strong><u>Nazca &#8211; Arequipa<\/u><\/strong><\/span><\/p><p>Por la tarde, traslado a la estaci\u00f3n de bus para nuestro bus de Nazca a Arequipa. El viaje dura alrededor de 11 horas y tendr\u00e1 servicio a bordo.<\/p><\/div>\n\t\t\t\t<\/div>\n\t\t\t\t\t\t\t<div class=\"elementor-accordion-item\">\n\t\t\t\t\t<div id=\"elementor-tab-title-1645\" class=\"elementor-tab-title\" data-tab=\"5\" role=\"button\" aria-controls=\"elementor-tab-content-1645\" aria-expanded=\"false\">\n\t\t\t\t\t\t\t\t\t\t\t\t\t<span class=\"elementor-accordion-icon elementor-accordion-icon-left\" aria-hidden=\"true\">\n\t\t\t\t\t\t\t\t\t\t\t\t\t\t\t<span class=\"elementor-accordion-icon-closed\"><i class=\"fas fa-plus\"><\/i><\/span>\n\t\t\t\t\t\t\t\t<span class=\"elementor-accordion-icon-opened\"><i class=\"fas fa-minus\"><\/i><\/span>\n\t\t\t\t\t\t\t\t\t\t\t\t\t\t<\/span>\n\t\t\t\t\t\t\t\t\t\t\t\t<a class=\"elementor-accordion-title\" tabindex=\"0\">D\u00eda 5: Llegada a Arequipa<\/a>\n\t\t\t\t\t<\/div>\n\t\t\t\t\t<div id=\"elementor-tab-content-1645\" class=\"elementor-tab-content elementor-clearfix\" data-tab=\"5\" role=\"region\" aria-labelledby=\"elementor-tab-title-1645\"><p>Recojo de la estaci\u00f3n de bus y traslado al hotel en Arequipa.<\/p><p><span style=\"color: #008000;\"><strong><u>Tarde:. <\/u>Tour por la ciudad de Arequipa<\/strong><\/span><\/p><p>Por la tarde, alrededor de las 13: 30h iniciaremos nuestro city tour Arequipa, visitaremos el Monasterio de Santa Catalina, luego visitaremos la Plaza de Armas, una de las m\u00e1s hermosas del Per\u00fa, la Iglesia Jesuita de la Compa\u00f1\u00eda, que en su hermosa fachada anuncia la llamada arquitectura mestiza, sus claustros y c\u00fapula, la casa Trist\u00e1n del Pozo y al final y para una magn\u00edfica vista desde la ciudad visitaremos los t\u00edpicos barrios de Carmen alto y Yanahuara. (Mirador e Iglesia). Estaremos de regreso en Arequipa alrededor de las 6 pm.<\/p><p>Noche de hotel en Arequipa.<\/p><p>Comidas: desayuno<\/p><\/div>\n\t\t\t\t<\/div>\n\t\t\t\t\t\t\t<div class=\"elementor-accordion-item\">\n\t\t\t\t\t<div id=\"elementor-tab-title-1646\" class=\"elementor-tab-title\" data-tab=\"6\" role=\"button\" aria-controls=\"elementor-tab-content-1646\" aria-expanded=\"false\">\n\t\t\t\t\t\t\t\t\t\t\t\t\t<span class=\"elementor-accordion-icon elementor-accordion-icon-left\" aria-hidden=\"true\">\n\t\t\t\t\t\t\t\t\t\t\t\t\t\t\t<span class=\"elementor-accordion-icon-closed\"><i class=\"fas fa-plus\"><\/i><\/span>\n\t\t\t\t\t\t\t\t<span class=\"elementor-accordion-icon-opened\"><i class=\"fas fa-minus\"><\/i><\/span>\n\t\t\t\t\t\t\t\t\t\t\t\t\t\t<\/span>\n\t\t\t\t\t\t\t\t\t\t\t\t<a class=\"elementor-accordion-title\" tabindex=\"0\">D\u00eda 6: D\u00eda completo :. Tour Ca\u00f1\u00f3n del Colca<\/a>\n\t\t\t\t\t<\/div>\n\t\t\t\t\t<div id=\"elementor-tab-content-1646\" class=\"elementor-tab-content elementor-clearfix\" data-tab=\"6\" role=\"region\" aria-labelledby=\"elementor-tab-title-1646\"><p>Saldremos de Arequipa entre las 2:30-3:00am, manejaremos por 3 horas al noroeste detr\u00e1s del Chachani hasta Chivay, capital del Ca\u00f1\u00f3n del Colca. Donde desayunaremos.<\/p><p>Continuamos conduciendo durante 2 horas hasta el lugar m\u00e1s famoso del Ca\u00f1\u00f3n del Colca \u00abLa Cruz del C\u00f3ndor\u00bb. Aqu\u00ed es donde vemos la profundidad del ca\u00f1\u00f3n y el vuelo del C\u00f3ndor. La zona cuenta con hermosos pueblos t\u00edpicos como Yanque y Maca, iglesias coloniales, gente amable con vestidos y sombreros con costuras t\u00edpicas, y cientos de terrazas preincaicas que a\u00fan se utilizan con cultivos andinos como el ma\u00edz, la quinua y el amaranto. Ya en Chivay al mediod\u00eda, hay una visita opcional a las aguas termales de La Calera, con pozas que tienen una temperatura del agua de 40 \u00b0 C \/ 104 \u00b0 F.<\/p><p>Una vez en Chivay tendremos un almuerzo tradicional y luego del almuerzo viajaremos de regreso a Arequipa. Paramos en el camino, en el escal\u00f3n m\u00e1s alto: el mirador de los volcanes y nevados en Patapampa (4.800m). Posteriormente veremos vicu\u00f1as salvajes, alpacas y llamas en la reserva nacional de Pampa Ca\u00f1ahuas y algunas aves como flamencos, ibis, gansos andinos, patos y \u00e1guilas quechuas andinas llamadas \u00abKara Kara\u00bb. Finalmente llegamos a la ciudad de Arequipa al final de la tarde, aproximadamente a las 17:00.<\/p><p>Noche de hotel en Arequipa.<\/p><p>Comidas: desayuno, almuerzo<\/p><\/div>\n\t\t\t\t<\/div>\n\t\t\t\t\t\t\t<div class=\"elementor-accordion-item\">\n\t\t\t\t\t<div id=\"elementor-tab-title-1647\" class=\"elementor-tab-title\" data-tab=\"7\" role=\"button\" aria-controls=\"elementor-tab-content-1647\" aria-expanded=\"false\">\n\t\t\t\t\t\t\t\t\t\t\t\t\t<span class=\"elementor-accordion-icon elementor-accordion-icon-left\" aria-hidden=\"true\">\n\t\t\t\t\t\t\t\t\t\t\t\t\t\t\t<span class=\"elementor-accordion-icon-closed\"><i class=\"fas fa-plus\"><\/i><\/span>\n\t\t\t\t\t\t\t\t<span class=\"elementor-accordion-icon-opened\"><i class=\"fas fa-minus\"><\/i><\/span>\n\t\t\t\t\t\t\t\t\t\t\t\t\t\t<\/span>\n\t\t\t\t\t\t\t\t\t\t\t\t<a class=\"elementor-accordion-title\" tabindex=\"0\">D\u00eda 7: Ma\u00f1ana :. Tour Ruta del Sillar<\/a>\n\t\t\t\t\t<\/div>\n\t\t\t\t\t<div id=\"elementor-tab-content-1647\" class=\"elementor-tab-content elementor-clearfix\" data-tab=\"7\" role=\"region\" aria-labelledby=\"elementor-tab-title-1647\"><p>Recojo de nuestro alojamiento alrededor de las 8 am y traslado a las canteras de siller\u00eda en el distrito de Cerro Colorado. En una \u00e9poca de arpo. A 30 minutos del centro de Arequipa arribamos a este lugar conocido como las Canteras A\u00f1ashuayco, en este lugar podemos ver donde es que los canteros toman Ignimbrita luego logran pacientemente desarrollar el Sillar, te explicaremos en detalle la preparaci\u00f3n del mismo y tambi\u00e9n ellos Conozca la historia detr\u00e1s del Sillar. A su debido tiempo retornamos a la Ciudad de Arequipa y llegaremos alrededor de las 12:00 horas.<\/p><p>Tarde libre para disfrutar de la ciudad o visitarla.<\/p><p>Noche de hotel en Arequipa.<\/p><p>Comidas: desayuno<\/p><\/div>\n\t\t\t\t<\/div>\n\t\t\t\t\t\t\t<div class=\"elementor-accordion-item\">\n\t\t\t\t\t<div id=\"elementor-tab-title-1648\" class=\"elementor-tab-title\" data-tab=\"8\" role=\"button\" aria-controls=\"elementor-tab-content-1648\" aria-expanded=\"false\">\n\t\t\t\t\t\t\t\t\t\t\t\t\t<span class=\"elementor-accordion-icon elementor-accordion-icon-left\" aria-hidden=\"true\">\n\t\t\t\t\t\t\t\t\t\t\t\t\t\t\t<span class=\"elementor-accordion-icon-closed\"><i class=\"fas fa-plus\"><\/i><\/span>\n\t\t\t\t\t\t\t\t<span class=\"elementor-accordion-icon-opened\"><i class=\"fas fa-minus\"><\/i><\/span>\n\t\t\t\t\t\t\t\t\t\t\t\t\t\t<\/span>\n\t\t\t\t\t\t\t\t\t\t\t\t<a class=\"elementor-accordion-title\" tabindex=\"0\">D\u00eda 8: Salida de Arequipa<\/a>\n\t\t\t\t\t<\/div>\n\t\t\t\t\t<div id=\"elementor-tab-content-1648\" class=\"elementor-tab-content elementor-clearfix\" data-tab=\"8\" role=\"region\" aria-labelledby=\"elementor-tab-title-1648\"><p>A la hora oportuna traslado al aeropuerto.<\/p><p>Comidas: desayuno<\/p><p>Fin de nuestros servicios<\/p><\/div>\n\t\t\t\t<\/div>\n\t\t\t\t\t\t\t\t<\/div>\n\t\t\t\t\t\t<\/div>\n\t\t\t\t<\/div>\n\t\t\t\t<div class=\"elementor-element elementor-element-13bf6978 elementor-widget elementor-widget-text-editor\" data-id=\"13bf6978\" data-element_type=\"widget\" data-e-type=\"widget\" data-widget_type=\"text-editor.default\">\n\t\t\t\t<div class=\"elementor-widget-container\">\n\t\t\t\t\t\t\t\t\t<h3><span style=\"color: #008000;\"><strong>Incluido en el paquete:<\/strong><\/span><\/h3><ul><li>Traslado privado aeropuerto &#8211; hotel &#8211; aeropuerto (estaci\u00f3n de autobuses)<\/li><li>C\u00f3modo bus de Lima a Paracas<\/li><li>C\u00f3modo bus de Paracas a Nazca<\/li><li>Tour Reserva de Paracas &#8211; servicio compartido<\/li><li>Tour Isla Ballestas &#8211; servicio compartido<\/li><li>Tour L\u00edneas de Nazca &#8211; tour compartido<\/li><li>City Tour Arequipa por la tarde &#8211; servicio compartido<\/li><li>Tour de d\u00eda completo al Ca\u00f1\u00f3n del Colca &#8211; servicio compartido<\/li><li>Tour por la Ruta del Sillar por la ma\u00f1ana &#8211; tour compartido<\/li><li>1 noches en Lima<\/li><li>1 noche en Paracas<\/li><li>1 noche en Nazca<\/li><li>3 noches en hotel 3 * en Arequipa<\/li><li>1 noche en c\u00f3modo bus de Nazca a Arequipa<\/li><li>1 almuerzo en Chivay<\/li><li>Desayuno en el hotel<\/li><li>Gu\u00eda profesional en ingl\u00e9s o espa\u00f1ol.<\/li><li>Transporte a todas las visitas incluidas en el itinerario.<\/li><li>Soporte 24\/7<\/li><\/ul><h3><span style=\"color: #008000;\"><strong>No incluido:<\/strong><\/span><\/h3><ul><li>Vuelos internacionales<\/li><li>Vuelo de salida de Arequipa<\/li><li>Comidas no especificadas en el itinerario.<\/li><li>Propinas<\/li><\/ul><p><em><strong>** Consejos de reserva:<\/strong><\/em><\/p><p>-Puedes llegar a cualquier hora a Lima, te recogeremos del aeropuerto<\/p><p>-Registro en el hotel en Lima es a las 11am<\/p><p>-Tu vuelo de salida debe ser desde Arequipa<\/p>\t\t\t\t\t\t\t\t<\/div>\n\t\t\t\t<\/div>\n\t\t\t\t\t<\/div>\n\t\t<\/div>\n\t\t\t\t\t<\/div>\n\t\t<\/section>\n\t\t\t\t<\/div>\n\t\t","protected":false},"excerpt":{"rendered":"<p><strong>Descripci\u00f3n<\/strong><\/p>\n<p><strong>C\u00d3DIGO:<\/strong> PVT-P8002<\/p>\n<ul>\n<li><strong>Salidas:<\/strong> Diarias<\/li>\n<li><strong>Duraci\u00f3n:<\/strong> 8 D\u00edas \/ 7 Noches<\/li>\n<\/ul>\n","protected":false},"featured_media":4166,"template":"","meta":{"site-sidebar-layout":"no-sidebar","site-content-layout":"page-builder","ast-site-content-layout":"full-width-container","site-content-style":"unboxed","site-sidebar-style":"unboxed","ast-global-header-display":"","ast-banner-title-visibility":"","ast-main-header-display":"","ast-hfb-above-header-display":"","ast-hfb-below-header-display":"","ast-hfb-mobile-header-display":"","site-post-title":"disabled","ast-breadcrumbs-content":"","ast-featured-img":"disabled","footer-sml-layout":"","ast-disable-related-posts":"","theme-transparent-header-meta":"default","adv-header-id-meta":"","stick-header-meta":"default","header-above-stick-meta":"","header-main-stick-meta":"","header-below-stick-meta":"","astra-migrate-meta-layouts":"set","ast-page-background-enabled":"default","ast-page-background-meta":{"desktop":{"background-color":"var(--ast-global-color-4)","background-image":"","background-repeat":"repeat","background-position":"center center","background-size":"auto","background-attachment":"scroll","background-type":"","background-media":"","overlay-type":"","overlay-color":"","overlay-opacity":"","overlay-gradient":""},"tablet":{"background-color":"","background-image":"","background-repeat":"repeat","background-position":"center center","background-size":"auto","background-attachment":"scroll","background-type":"","background-media":"","overlay-type":"","overlay-color":"","overlay-opacity":"","overlay-gradient":""},"mobile":{"background-color":"","background-image":"","background-repeat":"repeat","background-position":"center center","background-size":"auto","background-attachment":"scroll","background-type":"","background-media":"","overlay-type":"","overlay-color":"","overlay-opacity":"","overlay-gradient":""}},"ast-content-background-meta":{"desktop":{"background-color":"var(--ast-global-color-5)","background-image":"","background-repeat":"repeat","background-position":"center center","background-size":"auto","background-attachment":"scroll","background-type":"","background-media":"","overlay-type":"","overlay-color":"","overlay-opacity":"","overlay-gradient":""},"tablet":{"background-color":"var(--ast-global-color-5)","background-image":"","background-repeat":"repeat","background-position":"center center","background-size":"auto","background-attachment":"scroll","background-type":"","background-media":"","overlay-type":"","overlay-color":"","overlay-opacity":"","overlay-gradient":""},"mobile":{"background-color":"var(--ast-global-color-5)","background-image":"","background-repeat":"repeat","background-position":"center center","background-size":"auto","background-attachment":"scroll","background-type":"","background-media":"","overlay-type":"","overlay-color":"","overlay-opacity":"","overlay-gradient":""}},"_joinchat":[]},"product_brand":[],"product_cat":[154],"product_tag":[],"class_list":{"0":"post-4168","1":"product","2":"type-product","3":"status-publish","4":"has-post-thumbnail","6":"product_cat-por-el-peru","7":"desktop-align-center","8":"tablet-align-center","9":"mobile-align-center","10":"ast-product-gallery-layout-horizontal-slider","11":"ast-product-gallery-with-no-image","12":"ast-product-single-variable","13":"ast-product-tabs-layout-horizontal","15":"first","16":"instock","17":"shipping-taxable","18":"purchasable","19":"product-type-variable"},"_links":{"self":[{"href":"https:\/\/www.pvtravels.com\/es\/wp-json\/wp\/v2\/product\/4168","targetHints":{"allow":["GET"]}}],"collection":[{"href":"https:\/\/www.pvtravels.com\/es\/wp-json\/wp\/v2\/product"}],"about":[{"href":"https:\/\/www.pvtravels.com\/es\/wp-json\/wp\/v2\/types\/product"}],"version-history":[{"count":6,"href":"https:\/\/www.pvtravels.com\/es\/wp-json\/wp\/v2\/product\/4168\/revisions"}],"predecessor-version":[{"id":5827,"href":"https:\/\/www.pvtravels.com\/es\/wp-json\/wp\/v2\/product\/4168\/revisions\/5827"}],"wp:featuredmedia":[{"embeddable":true,"href":"https:\/\/www.pvtravels.com\/es\/wp-json\/wp\/v2\/media\/4166"}],"wp:attachment":[{"href":"https:\/\/www.pvtravels.com\/es\/wp-json\/wp\/v2\/media?parent=4168"}],"wp:term":[{"taxonomy":"product_brand","embeddable":true,"href":"https:\/\/www.pvtravels.com\/es\/wp-json\/wp\/v2\/product_brand?post=4168"},{"taxonomy":"product_cat","embeddable":true,"href":"https:\/\/www.pvtravels.com\/es\/wp-json\/wp\/v2\/product_cat?post=4168"},{"taxonomy":"product_tag","embeddable":true,"href":"https:\/\/www.pvtravels.com\/es\/wp-json\/wp\/v2\/product_tag?post=4168"}],"curies":[{"name":"wp","href":"https:\/\/api.w.org\/{rel}","templated":true}]}}