{"id":3840,"date":"2022-02-08T16:42:18","date_gmt":"2022-02-08T21:42:18","guid":{"rendered":"https:\/\/www.pvtravels.com\/tour\/sin%20categor\u00eda\/sureste-montana-arequipa-cusco-6-dias\/"},"modified":"2026-02-06T11:20:50","modified_gmt":"2026-02-06T16:20:50","slug":"sureste-montana-arequipa-cusco-6-dias","status":"publish","type":"product","link":"https:\/\/www.pvtravels.com\/es\/tour\/por-el-peru\/sureste-montana-arequipa-cusco-6-dias\/","title":{"rendered":"Sureste &#8211; Monta\u00f1a :. Arequipa &#8211; Cusco 6 d\u00edas"},"content":{"rendered":"\t\t<div data-elementor-type=\"product-post\" data-elementor-id=\"3840\" class=\"elementor elementor-3840 elementor-3823\" data-elementor-post-type=\"product\">\n\t\t\t\t\t\t<section class=\"elementor-section elementor-top-section elementor-element elementor-element-5cd5279 elementor-section-boxed elementor-section-height-default elementor-section-height-default\" data-id=\"5cd5279\" data-element_type=\"section\" data-e-type=\"section\">\n\t\t\t\t\t\t<div class=\"elementor-container elementor-column-gap-default\">\n\t\t\t\t\t<div class=\"elementor-column elementor-col-100 elementor-top-column elementor-element elementor-element-461f512f\" data-id=\"461f512f\" data-element_type=\"column\" data-e-type=\"column\">\n\t\t\t<div class=\"elementor-widget-wrap elementor-element-populated\">\n\t\t\t\t\t\t<div class=\"elementor-element elementor-element-6e0bac41 elementor-widget elementor-widget-accordion\" data-id=\"6e0bac41\" data-element_type=\"widget\" data-e-type=\"widget\" data-widget_type=\"accordion.default\">\n\t\t\t\t<div class=\"elementor-widget-container\">\n\t\t\t\t\t\t\t<div class=\"elementor-accordion\">\n\t\t\t\t\t\t\t<div class=\"elementor-accordion-item\">\n\t\t\t\t\t<div id=\"elementor-tab-title-1841\" class=\"elementor-tab-title\" data-tab=\"1\" role=\"button\" aria-controls=\"elementor-tab-content-1841\" aria-expanded=\"false\">\n\t\t\t\t\t\t\t\t\t\t\t\t\t<span class=\"elementor-accordion-icon elementor-accordion-icon-left\" aria-hidden=\"true\">\n\t\t\t\t\t\t\t\t\t\t\t\t\t\t\t<span class=\"elementor-accordion-icon-closed\"><i class=\"fas fa-plus\"><\/i><\/span>\n\t\t\t\t\t\t\t\t<span class=\"elementor-accordion-icon-opened\"><i class=\"fas fa-minus\"><\/i><\/span>\n\t\t\t\t\t\t\t\t\t\t\t\t\t\t<\/span>\n\t\t\t\t\t\t\t\t\t\t\t\t<a class=\"elementor-accordion-title\" tabindex=\"0\">D\u00eda 1: Llegada a Arequipa<\/a>\n\t\t\t\t\t<\/div>\n\t\t\t\t\t<div id=\"elementor-tab-content-1841\" class=\"elementor-tab-content elementor-clearfix\" data-tab=\"1\" role=\"region\" aria-labelledby=\"elementor-tab-title-1841\"><p>A su llegada a Arequipa, seremos recogidos y trasladados al hotel. Despu\u00e9s del check-in en el hotel, tendremos ma\u00f1ana libre para ir de compras o descansar.<\/p><p><em>** <strong><span style=\"text-decoration: underline;\">Nota:.<\/span><\/strong> se recomienda llegar antes de las 11 a.m.<\/em><\/p><p><span style=\"color: #003300;\"><strong><u>Tarde:. <\/u><\/strong><strong>Arequipa City tour<\/strong><\/span><\/p><p>Por la tarde, alrededor de las 13:30h, comenzaremos nuestro recorrido por la ciudad de Arequipa, visitaremos el Monasterio de Santa Catalina, luego visitaremos la Plaza de Armas, una de las m\u00e1s bellas del Per\u00fa, la Iglesia Jesuita de la Compa\u00f1\u00eda, que en su hermosa fachada anuncia la llamada arquitectura mestiza, sus claustros y c\u00fapula, la casa Trist\u00e1n del Pozo y al final y para una magn\u00edfica vista desde la ciudad visitaremos los barrios t\u00edpicos de Carmen alto y Yanahuara. (Mirador e Iglesia). Regresaremos a Arequipa alrededor de las 6pm.<\/p><p>Noche en hotel en Arequipa.<\/p><\/div>\n\t\t\t\t<\/div>\n\t\t\t\t\t\t\t<div class=\"elementor-accordion-item\">\n\t\t\t\t\t<div id=\"elementor-tab-title-1842\" class=\"elementor-tab-title\" data-tab=\"2\" role=\"button\" aria-controls=\"elementor-tab-content-1842\" aria-expanded=\"false\">\n\t\t\t\t\t\t\t\t\t\t\t\t\t<span class=\"elementor-accordion-icon elementor-accordion-icon-left\" aria-hidden=\"true\">\n\t\t\t\t\t\t\t\t\t\t\t\t\t\t\t<span class=\"elementor-accordion-icon-closed\"><i class=\"fas fa-plus\"><\/i><\/span>\n\t\t\t\t\t\t\t\t<span class=\"elementor-accordion-icon-opened\"><i class=\"fas fa-minus\"><\/i><\/span>\n\t\t\t\t\t\t\t\t\t\t\t\t\t\t<\/span>\n\t\t\t\t\t\t\t\t\t\t\t\t<a class=\"elementor-accordion-title\" tabindex=\"0\">D\u00eda 2: Fullday:.  Ca\u00f1\u00f3n del Colca tour<\/a>\n\t\t\t\t\t<\/div>\n\t\t\t\t\t<div id=\"elementor-tab-content-1842\" class=\"elementor-tab-content elementor-clearfix\" data-tab=\"2\" role=\"region\" aria-labelledby=\"elementor-tab-title-1842\"><p>Salimos de Arequipa entre las 2:30-3:00 am, conduciremos durante 3 horas al noroeste detr\u00e1s del volc\u00e1n Chachani hacia Chivay, capital del Ca\u00f1\u00f3n del Colca. Donde desayunaremos.<\/p><p>Continuamos conduciendo durante 2 horas en el lugar m\u00e1s famoso del Ca\u00f1\u00f3n del Colca \u00abLa Cruz del C\u00f3ndor\u00bb. Aqu\u00ed es donde vemos la profundidad del ca\u00f1\u00f3n y el vuelo del C\u00f3ndor. El \u00e1rea cuenta con hermosos pueblos t\u00edpicos como Yanque y Maca, iglesias coloniales, gente amable con vestidos y sombreros con costura t\u00edpica, y cientos de terrazas preincaicas que todav\u00eda se usan con cultivos andinos como el ma\u00edz, la quinua y el amaranto. Ya en Chivay al mediod\u00eda hay una visita opcional a las aguas termales de La Calera, con piscinas que tienen una temperatura del agua de 40 \u00b0 C \/ 104 \u00b0 F. Una vez en Chivay tendremos un almuerzo tradicional y despu\u00e9s del almuerzo viajaremos a De regreso a Arequipa. Nos detenemos en el camino, en el escal\u00f3n m\u00e1s alto: el mirador de los volcanes y las monta\u00f1as nevadas en Patapampa (4,800m). M\u00e1s tarde veremos vicu\u00f1as, alpacas y llamas salvajes en la reserva nacional de Pampa Ca\u00f1ahuas y algunas aves como flamencos, ibis, gansos andinos, patos y quechua andino del \u00e1guila llamado \u00abKara Kara\u00bb. Finalmente, llegamos a la ciudad de Arequipa al final de la tarde, aproximadamente a las 17:00.<\/p><p><span style=\"color: #008000;\"><strong><u>Arequipa &#8211; Cusco<\/u><\/strong><\/span><\/p><p>Por la tarde, traslado a la estaci\u00f3n de buses para nuestro bus nocturno desde Arequipa a Cusco. El trayecto dura alrededor de 10 horas y tendr\u00e1 servicio a bordo.<\/p><p>Comidas: desayuno, almuerzo.<\/p><\/div>\n\t\t\t\t<\/div>\n\t\t\t\t\t\t\t<div class=\"elementor-accordion-item\">\n\t\t\t\t\t<div id=\"elementor-tab-title-1843\" class=\"elementor-tab-title\" data-tab=\"3\" role=\"button\" aria-controls=\"elementor-tab-content-1843\" aria-expanded=\"false\">\n\t\t\t\t\t\t\t\t\t\t\t\t\t<span class=\"elementor-accordion-icon elementor-accordion-icon-left\" aria-hidden=\"true\">\n\t\t\t\t\t\t\t\t\t\t\t\t\t\t\t<span class=\"elementor-accordion-icon-closed\"><i class=\"fas fa-plus\"><\/i><\/span>\n\t\t\t\t\t\t\t\t<span class=\"elementor-accordion-icon-opened\"><i class=\"fas fa-minus\"><\/i><\/span>\n\t\t\t\t\t\t\t\t\t\t\t\t\t\t<\/span>\n\t\t\t\t\t\t\t\t\t\t\t\t<a class=\"elementor-accordion-title\" tabindex=\"0\">D\u00eda 3: Llegada a Cusco<\/a>\n\t\t\t\t\t<\/div>\n\t\t\t\t\t<div id=\"elementor-tab-content-1843\" class=\"elementor-tab-content elementor-clearfix\" data-tab=\"3\" role=\"region\" aria-labelledby=\"elementor-tab-title-1843\"><p>A su llegada a Cusco, recepci\u00f3n en la estaci\u00f3n de buses y traslado a nuestro hotel en el centro de la ciudad.<\/p><p><span style=\"color: #008000;\"><strong><u>Tarde: <\/u><\/strong><strong>Cusco city tour<\/strong><\/span><\/p><p>Por la tarde, alrededor de la 1:10 pm, traslado desde su hotel hasta Cusco City Tour. El recorrido comenzar\u00e1 visitando el Templo del Sol o Qorikancha, Sacsayhuaman, Kenko, Puca Pucara y Tambomachay. Y regreso alrededor de las 7:00 p.m.<\/p><p>Noche en hotel en Cusco.<\/p><\/div>\n\t\t\t\t<\/div>\n\t\t\t\t\t\t\t<div class=\"elementor-accordion-item\">\n\t\t\t\t\t<div id=\"elementor-tab-title-1844\" class=\"elementor-tab-title\" data-tab=\"4\" role=\"button\" aria-controls=\"elementor-tab-content-1844\" aria-expanded=\"false\">\n\t\t\t\t\t\t\t\t\t\t\t\t\t<span class=\"elementor-accordion-icon elementor-accordion-icon-left\" aria-hidden=\"true\">\n\t\t\t\t\t\t\t\t\t\t\t\t\t\t\t<span class=\"elementor-accordion-icon-closed\"><i class=\"fas fa-plus\"><\/i><\/span>\n\t\t\t\t\t\t\t\t<span class=\"elementor-accordion-icon-opened\"><i class=\"fas fa-minus\"><\/i><\/span>\n\t\t\t\t\t\t\t\t\t\t\t\t\t\t<\/span>\n\t\t\t\t\t\t\t\t\t\t\t\t<a class=\"elementor-accordion-title\" tabindex=\"0\">D\u00eda 4: Valle Sagrado a Aguas Calientes<\/a>\n\t\t\t\t\t<\/div>\n\t\t\t\t\t<div id=\"elementor-tab-content-1844\" class=\"elementor-tab-content elementor-clearfix\" data-tab=\"4\" role=\"region\" aria-labelledby=\"elementor-tab-title-1844\"><p>Despu\u00e9s de un delicioso desayuno lo recogeremos en su hotel alrededor de las 8:30 a.m. para el maravilloso Tour Valle Sagrado de los Incas y visitaremos el parque arqueol\u00f3gico Pisac y su mercado tradicional, disfrutaremos de un delicioso almuerzo buffet en Urubamba, luego visitaremos la maravillosa ciudad de Ollantaytambo, donde deber\u00eda dejar de caminar por las calles empedradas que mantienen viva la cultura inca que nos hace retroceder en el tiempo.<\/p><p>Por la tarde, tomaremos nuestro tren desde la estaci\u00f3n de Ollantaytambo a Aguas Calientes, el viaje durar\u00e1 aprox. 1.40h<\/p><p>La noche ser\u00e1 libre para relajarse y cenar en el restaurante de su elecci\u00f3n.<\/p><p>Noche en hotel en Aguas Calientes.<\/p><p>Comidas: desayuno, almuerzo.<\/p><\/div>\n\t\t\t\t<\/div>\n\t\t\t\t\t\t\t<div class=\"elementor-accordion-item\">\n\t\t\t\t\t<div id=\"elementor-tab-title-1845\" class=\"elementor-tab-title\" data-tab=\"5\" role=\"button\" aria-controls=\"elementor-tab-content-1845\" aria-expanded=\"false\">\n\t\t\t\t\t\t\t\t\t\t\t\t\t<span class=\"elementor-accordion-icon elementor-accordion-icon-left\" aria-hidden=\"true\">\n\t\t\t\t\t\t\t\t\t\t\t\t\t\t\t<span class=\"elementor-accordion-icon-closed\"><i class=\"fas fa-plus\"><\/i><\/span>\n\t\t\t\t\t\t\t\t<span class=\"elementor-accordion-icon-opened\"><i class=\"fas fa-minus\"><\/i><\/span>\n\t\t\t\t\t\t\t\t\t\t\t\t\t\t<\/span>\n\t\t\t\t\t\t\t\t\t\t\t\t<a class=\"elementor-accordion-title\" tabindex=\"0\">D\u00eda 5: Machu Picchu a Cusco<\/a>\n\t\t\t\t\t<\/div>\n\t\t\t\t\t<div id=\"elementor-tab-content-1845\" class=\"elementor-tab-content elementor-clearfix\" data-tab=\"5\" role=\"region\" aria-labelledby=\"elementor-tab-title-1845\"><p>Despu\u00e9s del desayuno, encontraremos con nuestro gu\u00eda para tomar el bus hasta Machu Picchu, donde tendremos un recorrido de 2 horas con su gu\u00eda experto. Luego tendremos tiempo para disfrutar de Machu Picchu. Cuando termine en Machu Picchu, tomaremos nuestro bus hacia Aguas Calientes.<\/p><p>Por la tarde tomaremos nuestro tren de regreso a la estaci\u00f3n de tren en Ollantaytambo, donde nuestro conductor estar\u00e1 esperando para llevarnos de regreso a Cusco.<\/p><p>Noche en hotel en Cusco.<\/p><p>Comidas: desayuno.<\/p><\/div>\n\t\t\t\t<\/div>\n\t\t\t\t\t\t\t<div class=\"elementor-accordion-item\">\n\t\t\t\t\t<div id=\"elementor-tab-title-1846\" class=\"elementor-tab-title\" data-tab=\"6\" role=\"button\" aria-controls=\"elementor-tab-content-1846\" aria-expanded=\"false\">\n\t\t\t\t\t\t\t\t\t\t\t\t\t<span class=\"elementor-accordion-icon elementor-accordion-icon-left\" aria-hidden=\"true\">\n\t\t\t\t\t\t\t\t\t\t\t\t\t\t\t<span class=\"elementor-accordion-icon-closed\"><i class=\"fas fa-plus\"><\/i><\/span>\n\t\t\t\t\t\t\t\t<span class=\"elementor-accordion-icon-opened\"><i class=\"fas fa-minus\"><\/i><\/span>\n\t\t\t\t\t\t\t\t\t\t\t\t\t\t<\/span>\n\t\t\t\t\t\t\t\t\t\t\t\t<a class=\"elementor-accordion-title\" tabindex=\"0\">D\u00eda 6: Salida de Cusco<\/a>\n\t\t\t\t\t<\/div>\n\t\t\t\t\t<div id=\"elementor-tab-content-1846\" class=\"elementor-tab-content elementor-clearfix\" data-tab=\"6\" role=\"region\" aria-labelledby=\"elementor-tab-title-1846\"><p>A la hora apropiada, traslado del hotel al aeropuerto de Cusco para su vuelo a Lima.<\/p><p>Comidas: desayuno.<\/p><p>Fin de nuestros servicios!<\/p><\/div>\n\t\t\t\t<\/div>\n\t\t\t\t\t\t\t\t<\/div>\n\t\t\t\t\t\t<\/div>\n\t\t\t\t<\/div>\n\t\t\t\t<div class=\"elementor-element elementor-element-2f3feaf8 elementor-widget elementor-widget-text-editor\" data-id=\"2f3feaf8\" data-element_type=\"widget\" data-e-type=\"widget\" data-widget_type=\"text-editor.default\">\n\t\t\t\t<div class=\"elementor-widget-container\">\n\t\t\t\t\t\t\t\t\t<h3><span style=\"color: #008000;\"><strong>Incluido en el paquete:<\/strong><\/span><\/h3><ul><li>Traslado privado aeropuerto &#8211; hotel &#8211; aeropuerto o estaci\u00f3n de bus<\/li><li>Tarde Arequipa City Tour\u2013 servicio compartido<\/li><li>Excursi\u00f3n de d\u00eda completo al Ca\u00f1\u00f3n del Colca &#8211; servicio compartido<\/li><li>Tarde Cusco City Tour\u2013 servicio compartido<\/li><li>Tour Valle Sagrado &#8211; servicio compartido<\/li><li>Tour a Machu Picchu &#8211; servicio compartido<\/li><li>Entradas al Parque Nacional del Colca<\/li><li>BTG (boleto tur\u00edstico general).<\/li><li>Entradas: Koricancha, Catedral<\/li><li>Entradas a Machu Picchu<\/li><li>Guia profesional en ingl\u00e9s o espa\u00f1ol.<\/li><li>Boleto de bus: Aguas Calientes-Machu Picchu-Aguas Calientes.<\/li><li>Boleto de tren a Machu Picchu en servicio Ejecutivo<\/li><li>1 noche en C\u00f3modo bus Arequipa- Cusco<\/li><li>1 noche\u00a0en Arequipa<\/li><li>1 noche en\u00a0 Aguas Calientes<\/li><li>2 noches en\u00a0 Cusco<\/li><li>Desayuno en el hotel<\/li><li>Almuerzo en Chivay<\/li><li>Almuerzo en Urubamba<\/li><li>Transporte a todas las visitas incluidas en el itinerario<\/li><li>Soporte 24\/7<\/li><\/ul><h3><span style=\"color: #008000;\"><strong>No incluye:<\/strong><\/span><\/h3><ul><li>Vuelos internacionales<\/li><li>Vuelo de salida desde Cusco<\/li><li>Comidas no especificadas en el itinerario.<\/li><li>Propinas<\/li><\/ul><p><em><strong>** Consejos de reserva:<\/strong><\/em><\/p><p>-El check in en el hotel en Arequipa es a las 11am.<\/p><p>-Debe llegar a Arequipa para el inicio del paquete.<\/p><p>-El vuelo de salida debe ser desde Cusco<\/p><p>\u00a0<\/p>\t\t\t\t\t\t\t\t<\/div>\n\t\t\t\t<\/div>\n\t\t\t\t\t<\/div>\n\t\t<\/div>\n\t\t\t\t\t<\/div>\n\t\t<\/section>\n\t\t\t\t<\/div>\n\t\t","protected":false},"excerpt":{"rendered":"<p><strong>Descripci\u00f3n<\/strong><\/p>\n<p><strong>C\u00d3DIGO:<\/strong> PVT- P6002<\/p>\n<ul>\n<li><strong>Salidas:<\/strong> Diarias<\/li>\n<li><strong>Duraci\u00f3n:<\/strong> 6 D\u00edas \/ 5 Noches<\/li>\n<\/ul>\n<p>**<span style=\"color: #ff0000;\"><strong>RESERVA AHORA Y OBT\u00c9N UN 15% DE DESCUENTO!!<\/strong><\/span><\/p>\n","protected":false},"featured_media":3829,"template":"","meta":{"site-sidebar-layout":"no-sidebar","site-content-layout":"page-builder","ast-site-content-layout":"full-width-container","site-content-style":"unboxed","site-sidebar-style":"unboxed","ast-global-header-display":"","ast-banner-title-visibility":"","ast-main-header-display":"","ast-hfb-above-header-display":"","ast-hfb-below-header-display":"","ast-hfb-mobile-header-display":"","site-post-title":"disabled","ast-breadcrumbs-content":"","ast-featured-img":"disabled","footer-sml-layout":"","ast-disable-related-posts":"","theme-transparent-header-meta":"default","adv-header-id-meta":"","stick-header-meta":"default","header-above-stick-meta":"","header-main-stick-meta":"","header-below-stick-meta":"","astra-migrate-meta-layouts":"set","ast-page-background-enabled":"default","ast-page-background-meta":{"desktop":{"background-color":"var(--ast-global-color-4)","background-image":"","background-repeat":"repeat","background-position":"center center","background-size":"auto","background-attachment":"scroll","background-type":"","background-media":"","overlay-type":"","overlay-color":"","overlay-opacity":"","overlay-gradient":""},"tablet":{"background-color":"","background-image":"","background-repeat":"repeat","background-position":"center center","background-size":"auto","background-attachment":"scroll","background-type":"","background-media":"","overlay-type":"","overlay-color":"","overlay-opacity":"","overlay-gradient":""},"mobile":{"background-color":"","background-image":"","background-repeat":"repeat","background-position":"center center","background-size":"auto","background-attachment":"scroll","background-type":"","background-media":"","overlay-type":"","overlay-color":"","overlay-opacity":"","overlay-gradient":""}},"ast-content-background-meta":{"desktop":{"background-color":"var(--ast-global-color-5)","background-image":"","background-repeat":"repeat","background-position":"center center","background-size":"auto","background-attachment":"scroll","background-type":"","background-media":"","overlay-type":"","overlay-color":"","overlay-opacity":"","overlay-gradient":""},"tablet":{"background-color":"var(--ast-global-color-5)","background-image":"","background-repeat":"repeat","background-position":"center center","background-size":"auto","background-attachment":"scroll","background-type":"","background-media":"","overlay-type":"","overlay-color":"","overlay-opacity":"","overlay-gradient":""},"mobile":{"background-color":"var(--ast-global-color-5)","background-image":"","background-repeat":"repeat","background-position":"center center","background-size":"auto","background-attachment":"scroll","background-type":"","background-media":"","overlay-type":"","overlay-color":"","overlay-opacity":"","overlay-gradient":""}},"_joinchat":[]},"product_brand":[],"product_cat":[154],"product_tag":[],"class_list":{"0":"post-3840","1":"product","2":"type-product","3":"status-publish","4":"has-post-thumbnail","6":"product_cat-por-el-peru","7":"desktop-align-center","8":"tablet-align-center","9":"mobile-align-center","10":"ast-product-gallery-layout-horizontal-slider","11":"ast-product-gallery-with-no-image","12":"ast-product-single-variable","13":"ast-product-tabs-layout-horizontal","15":"first","16":"instock","17":"shipping-taxable","18":"purchasable","19":"product-type-variable"},"_links":{"self":[{"href":"https:\/\/www.pvtravels.com\/es\/wp-json\/wp\/v2\/product\/3840","targetHints":{"allow":["GET"]}}],"collection":[{"href":"https:\/\/www.pvtravels.com\/es\/wp-json\/wp\/v2\/product"}],"about":[{"href":"https:\/\/www.pvtravels.com\/es\/wp-json\/wp\/v2\/types\/product"}],"version-history":[{"count":7,"href":"https:\/\/www.pvtravels.com\/es\/wp-json\/wp\/v2\/product\/3840\/revisions"}],"predecessor-version":[{"id":6515,"href":"https:\/\/www.pvtravels.com\/es\/wp-json\/wp\/v2\/product\/3840\/revisions\/6515"}],"wp:featuredmedia":[{"embeddable":true,"href":"https:\/\/www.pvtravels.com\/es\/wp-json\/wp\/v2\/media\/3829"}],"wp:attachment":[{"href":"https:\/\/www.pvtravels.com\/es\/wp-json\/wp\/v2\/media?parent=3840"}],"wp:term":[{"taxonomy":"product_brand","embeddable":true,"href":"https:\/\/www.pvtravels.com\/es\/wp-json\/wp\/v2\/product_brand?post=3840"},{"taxonomy":"product_cat","embeddable":true,"href":"https:\/\/www.pvtravels.com\/es\/wp-json\/wp\/v2\/product_cat?post=3840"},{"taxonomy":"product_tag","embeddable":true,"href":"https:\/\/www.pvtravels.com\/es\/wp-json\/wp\/v2\/product_tag?post=3840"}],"curies":[{"name":"wp","href":"https:\/\/api.w.org\/{rel}","templated":true}]}}